{"id":516,"date":"2026-01-08T12:36:51","date_gmt":"2026-01-08T12:36:51","guid":{"rendered":"https:\/\/szentannaszany.hu\/?page_id=516"},"modified":"2026-07-18T20:32:37","modified_gmt":"2026-07-18T20:32:37","slug":"teremtesvedo-intezmeny","status":"publish","type":"page","link":"https:\/\/szentannaszany.hu\/index.php\/teremtesvedo-intezmeny\/","title":{"rendered":"TEREMT\u00c9SV\u00c9D\u0150 INT\u00c9ZM\u00c9NY"},"content":{"rendered":"\n<p class=\"wp-block-paragraph\">Teremt\u00e9sv\u00e9d\u0151 oktat\u00e1si int\u00e9zm\u00e9ny c\u00edm elnyer\u00e9s\u00e9re lehetett p\u00e1ly\u00e1zni az MKPK Caritas in Veritate Bizotts\u00e1ga \u00e9s a Katolikus Pedag\u00f3giai Int\u00e9zet \u00e1ltal ki\u00edrt p\u00e1ly\u00e1zat\u00e1n. A Magyar Katolikus P\u00fcsp\u00f6ki Konferencia (MKPK) 2025. m\u00e1jus 16-\u00e1n rendezte meg a 2025. szent\u00e9vi teremt\u00e9sv\u00e9delmi napj\u00e1t. A rendezv\u00e9nyen kiosztott\u00e1k a Teremt\u00e9sv\u00e9d\u0151 \u00d3voda, Iskola \u00e9s Koll\u00e9gium c\u00edmet, melyet nagy \u00f6r\u00f6m\u00fcnkre iskol\u00e1nk \u00e9s \u00f3vod\u00e1nk is elnyert int\u00e9zm\u00e9ny\u00fcnkben.<\/p>\n\n\n\n<p class=\"wp-block-paragraph\">A c\u00edm elnyer\u00e9s\u00e9vel c\u00e9lunk lesz a teremt\u00e9studatos szeml\u00e9letm\u00f3d sz\u00e9lesk\u00f6r\u0171bb kialak\u00edtsa \u00e9s er\u0151s\u00edtse, melynek alapja a Laudato si&#8217; \u2013 azaz &#8216;\u00c1ldott l\u00e9gy&#8217; \u2013 Ferenc p\u00e1pa els\u0151 \u00f6n\u00e1ll\u00f3 enciklik\u00e1ja, amelyr\u0151l a szakmai napot is tartottunk.<\/p>\n\n\n\n<p class=\"wp-block-paragraph\">&nbsp;<\/p>\n\n\n\nngg_shortcode_0_placeholder\n\n\n\n<p class=\"wp-block-paragraph\">Szeretettel osztjuk meg ezt a r\u00f6vid \u00f6ssze\u00e1ll\u00edt\u00e1st, amely bepillant\u00e1st ny\u00fajt \u00f3vod\u00e1nk teremet\u00e9sv\u00e9delmi tev\u00e9kenys\u00e9geibe.<br>A gyermekek \u00e9lm\u00e9nyszer\u0171 tapasztalatokon kereszt\u00fcl ismerkedhetnek a term\u00e9szet szeretet\u00e9vel, a k\u00f6rnyezetv\u00e9delem fontoss\u00e1g\u00e1val \u00e9s a teremtett vil\u00e1g megbecs\u00fcl\u00e9s\u00e9vel. Vide\u00f3nkban megjelennek mindennapi z\u00f6ld tev\u00e9kenys\u00e9geink, k\u00f6z\u00f6s \u00e9lm\u00e9nyeink \u00e9s azok a pillanatok, amelyekkel egy\u00fctt tanulunk vigy\u00e1zni k\u00f6rnyezet\u00fcnkre. K\u00f6sz\u00f6nj\u00fck mindenkinek, aki r\u00e9szese volt programjainknak \u00e9s egy\u00fctt form\u00e1lta a gyermekek szeml\u00e9let\u00e9t egy szebb, \u00e9lhet\u0151bb j\u00f6v\u0151\u00e9rt.<\/p>\n\n\n\n<figure class=\"wp-block-embed is-type-video is-provider-youtube wp-block-embed-youtube wp-embed-aspect-16-9 wp-has-aspect-ratio\"><div class=\"wp-block-embed__wrapper\">\n<iframe loading=\"lazy\" title=\"Teremt\u00e9sv\u00e9delem hete a szanyi Szent Anna Katolikus \u00f3vod\u00e1ban\" width=\"500\" height=\"281\" src=\"https:\/\/www.youtube.com\/embed\/ZCIWmA98IBI?feature=oembed\" frameborder=\"0\" allow=\"accelerometer; autoplay; clipboard-write; encrypted-media; gyroscope; picture-in-picture; web-share\" referrerpolicy=\"strict-origin-when-cross-origin\" allowfullscreen><\/iframe>\n<\/div><\/figure>\n\n\n\n<p class=\"wp-block-paragraph\"><\/p>\n\n\n\n<p class=\"wp-block-paragraph\"><strong>Szanyi Szent Anna Katolikus \u00c1ltal\u00e1nos Iskola \u00e9s \u00d3voda<\/strong><br><strong>2025\/2026. tan\u00e9v<\/strong><\/p>\n\n\n\n<p class=\"wp-block-paragraph\">A Szanyi Szent Anna Katolikus \u00c1ltal\u00e1nos Iskola \u00e9s \u00d3voda teremt\u00e9sv\u00e9delmi munk\u00e1ja a tan\u00e9v sor\u00e1n a Pedag\u00f3giai Programban megfogalmazott kereszt\u00e9ny \u00e9rt\u00e9krendre \u00e9p\u00fclt. Munk\u00e1nkat az a szeml\u00e9let vezette, hogy a teremtett vil\u00e1g Isten aj\u00e1nd\u00e9ka, amelynek meg\u0151rz\u00e9se \u00e9s felel\u0151s gondoz\u00e1sa minden ember k\u00f6z\u00f6s feladata. Ennek megfelel\u0151en a teremt\u00e9sv\u00e9delem nem csup\u00e1n egy-egy programban jelent meg, hanem \u00e1tsz\u0151tte tan\u00f3rai \u00e9s tan\u00f3r\u00e1n k\u00edv\u00fcli tev\u00e9kenys\u00e9geinket, valamint k\u00f6z\u00f6ss\u00e9gi \u00e9s hit\u00e9leti alkalmainkat is.<\/p>\n\n\n\n<p class=\"wp-block-paragraph\">A tan\u00e9v kiemelt c\u00e9ljai k\u00f6z\u00f6tt szerepelt a tanul\u00f3k k\u00f6rnyezettudatos szeml\u00e9let\u00e9nek fejleszt\u00e9se, a term\u00e9szeti \u00e9s \u00e9p\u00edtett k\u00f6rnyezet megismer\u00e9se, a leveg\u0151 v\u00e9delm\u00e9nek hangs\u00falyoz\u00e1sa, az iskolai k\u00f6rnyezet sz\u00e9p\u00edt\u00e9se, valamint a felel\u0151s, gondoskod\u00f3 magatart\u00e1s kialak\u00edt\u00e1sa. A c\u00e9lok megval\u00f3s\u00edt\u00e1s\u00e1ban valamennyi pedag\u00f3gus r\u00e9szt vett, els\u0151sorban a hittan, k\u00f6rnyezetismeret, term\u00e9szettudom\u00e1ny, biol\u00f3gia, f\u00f6ldrajz, fizika \u00e9s k\u00e9mia tant\u00e1rgyak keret\u00e9ben, valamint a term\u00e9szetj\u00e1r\u00f3 \u00e9s term\u00e9szettudom\u00e1nyi szakk\u00f6r\u00f6k programjain kereszt\u00fcl.<\/p>\n\n\n\n<p class=\"wp-block-paragraph\"><strong>Hit\u00e9leti \u00e9s teremt\u00e9sv\u00e9delmi esem\u00e9nyek<\/strong><\/p>\n\n\n\n<p class=\"wp-block-paragraph\">A tan\u00e9vet a Veni Sancte szentmis\u00e9vel kezdt\u00fck, ahol k\u00f6z\u00f6s im\u00e1ds\u00e1gban adtunk h\u00e1l\u00e1t a teremtett vil\u00e1g\u00e9rt, \u00e9s k\u00e9rt\u00fck Isten \u00e1ld\u00e1s\u00e1t annak felel\u0151s gondoz\u00e1s\u00e1ra. Kisboldogasszony \u00fcnnep\u00e9hez kapcsol\u00f3dva gyalogos zar\u00e1ndoklatot szervezt\u00fcnk a Szent Anna-k\u00e1poln\u00e1hoz, ahol a di\u00e1kok a term\u00e9szet sz\u00e9ps\u00e9geit megtapasztalva m\u00e9ly\u00edthett\u00e9k hit\u00fcket.<\/p>\n\n\n\n<p class=\"wp-block-paragraph\">A teremt\u00e9sv\u00e9delmi vil\u00e1gnapokhoz kapcsol\u00f3dva az iskola rajzp\u00e1ly\u00e1zatot szervezett. Az \u00c1llatok vil\u00e1gnapja alkalm\u00e1b\u00f3l Assisi Szent Ferenc Naphimnusz\u00e1nak 800 \u00e9ves jubileum\u00e1hoz kapcsol\u00f3d\u00f3 rajzp\u00e1ly\u00e1zatot hirdett\u00fcnk. A Fenntarthat\u00f3s\u00e1gi T\u00e9mah\u00e9ten a biodiverzit\u00e1s, az energia, a hullad\u00e9kgazd\u00e1lkod\u00e1s \u00e9s a fenntarthat\u00f3 \u00e9letm\u00f3d t\u00e9m\u00e1i ker\u00fcltek el\u0151t\u00e9rbe. A F\u00f6ld napj\u00e1n a tanul\u00f3k \u00e9vfolyamonk\u00e9nt r\u00e9szt vettek a templomkert rendez\u00e9s\u00e9ben.<\/p>\n\n\n\n<p class=\"wp-block-paragraph\">Teremt\u00e9sv\u00e9d\u0151 Iskolak\u00e9nt kiemelt figyelmet ford\u00edtunk a k\u00f6rnyezeti nevel\u00e9sre. Az Iskol\u00e1ban az Erd\u0151 Program keret\u00e9ben az Orsz\u00e1gos Erd\u00e9szeti Egyes\u00fclet, valamint a Kisalf\u00f6ldi Erd\u00e9szet \u00e9s a Bakonyi Kisbety\u00e1r Erd\u00e9szeti Erdei Iskola szakemberei \u00e9lm\u00e9nyalap\u00fa foglalkoz\u00e1sokat tartottak tanul\u00f3ink sz\u00e1m\u00e1ra. A programok sor\u00e1n erdei tan\u00f6sv\u00e9ny-t\u00far\u00e1n, erd\u0151pedag\u00f3giai foglalkoz\u00e1sokon \u00e9s k\u00e9zm\u0171ves tev\u00e9kenys\u00e9geken kereszt\u00fcl ismerkedhettek meg a gyermekek a term\u00e9szetv\u00e9delem, a fenntarthat\u00f3s\u00e1g \u00e9s a teremtett vil\u00e1g \u00e9rt\u00e9keivel.<\/p>\n\n\n\n<p class=\"wp-block-paragraph\">Fa\u00fcltet\u00e9s a teremt\u00e9sv\u00e9delem jegy\u00e9ben: Als\u00f3 tagozatos tanul\u00f3ink \u00e9s pedag\u00f3gusaink k\u00f6z\u00f6sen \u00fcltettek facsemet\u00e9ket az iskola udvar\u00e1n a term\u00e9szet ir\u00e1nti felel\u0151ss\u00e9g \u00e9s gondoskod\u00e1s jegy\u00e9ben. A program kapcsol\u00f3dott a 10 milli\u00f3 Fa orsz\u00e1gos fa\u00fcltet\u0151 kezdem\u00e9nyez\u00e9shez, \u00e9s sz\u00e9p p\u00e9ld\u00e1ja volt a k\u00f6z\u00f6ss\u00e9gi \u00f6sszefog\u00e1snak, valamint a teremtett vil\u00e1g v\u00e9delm\u00e9re val\u00f3 nevel\u00e9snek.<\/p>\n\n\n\n<p class=\"wp-block-paragraph\">Az adventi id\u0151szak gyertyagy\u00fajt\u00e1sai teremt\u00e9sv\u00e9delmi elm\u00e9lked\u00e9sekkel eg\u00e9sz\u00fcltek ki.<\/p>\n\n\n\n<p class=\"wp-block-paragraph\">Teremt\u00e9sv\u00e9delmi program: A fenntarthat\u00f3s\u00e1gi t\u00e9mah\u00e9thez kapcsol\u00f3dva tanul\u00f3ink oszt\u00e1lyszinten megtiszt\u00edtott\u00e1k \u00e9s rendezt\u00e9k a templom k\u00f6rnyezet\u00e9t. A k\u00f6z\u00f6s munka sor\u00e1n megtapasztalhatt\u00e1k a k\u00f6z\u00f6ss\u00e9g\u00e9rt v\u00e9gzett \u00f6nzetlen seg\u00edts\u00e9gny\u00fajt\u00e1s \u00f6r\u00f6m\u00e9t \u00e9s a teremtett vil\u00e1g ir\u00e1nti felel\u0151ss\u00e9g fontoss\u00e1g\u00e1t.<\/p>\n\n\n\n<p class=\"wp-block-paragraph\">A tan\u00e9vet a Te Deum h\u00e1laad\u00f3 szentmis\u00e9vel z\u00e1rtuk, h\u00e1l\u00e1t adva a k\u00f6z\u00f6sen meg\u00e9lt \u00e9lm\u00e9nyek\u00e9rt \u00e9s a teremtett vil\u00e1g aj\u00e1nd\u00e9kai\u00e9rt.<\/p>\n\n\n\n<p class=\"wp-block-paragraph\"><strong>Term\u00e9szettudom\u00e1nyi \u00e9s term\u00e9szetj\u00e1r\u00f3 programok<\/strong><\/p>\n\n\n\n<p class=\"wp-block-paragraph\">A term\u00e9szettudom\u00e1nyi szakk\u00f6r 19 fels\u0151 tagozatos tanul\u00f3 r\u00e9szv\u00e9tel\u00e9vel m\u0171k\u00f6d\u00f6tt. A tan\u00e9v sor\u00e1n a di\u00e1kok v\u00e1ltozatos programokon kereszt\u00fcl ismerkedtek a term\u00e9szet \u00e9s az ember kapcsolat\u00e1val. Megtekintett\u00e9k a <em>Vad Magyarorsz\u00e1g<\/em> c\u00edm\u0171 term\u00e9szetfilmet, amely haz\u00e1nk \u00e9l\u0151vil\u00e1g\u00e1t mutatta be, ell\u00e1togattak a T\u00e1jh\u00e1zba, ahol a r\u00e9gi paraszti \u00e9let fenntarthat\u00f3 gazd\u00e1lkod\u00e1si form\u00e1ival ismerkedtek, valamint betekint\u00e9st nyertek a gy\u00f3gyszer\u00e9szet t\u00f6rt\u00e9net\u00e9be a szanyi gy\u00f3gyszert\u00e1rban. A befagyott Nicki-g\u00e1tn\u00e1l tett kir\u00e1ndul\u00e1s sor\u00e1n a t\u00e9li term\u00e9szet k\u00fcl\u00f6nleges jelens\u00e9geit figyelt\u00e9k meg.<\/p>\n\n\n\n<p class=\"wp-block-paragraph\">A term\u00e9szetj\u00e1r\u00f3 szakk\u00f6r programjai szint\u00e9n kiemelked\u0151 szerepet j\u00e1tszottak a k\u00f6rnyezeti nevel\u00e9sben. A tanul\u00f3k B\u00fck\u00f6n a F\u00f6ld kialakul\u00e1s\u00e1t bemutat\u00f3 3D-s vet\u00edt\u00e9s seg\u00edts\u00e9g\u00e9vel b\u0151v\u00edtett\u00e9k term\u00e9szettudom\u00e1nyos ismereteiket. Bakonyb\u00e9lben a kereszt\u00fat sor\u00e1n a term\u00e9szet tavaszi \u00e9bred\u00e9s\u00e9t figyelt\u00e9k meg, R\u00e1baszentandr\u00e1son a gy\u00fcm\u00f6lcsf\u00e1k metsz\u00e9s\u00e9nek gyakorlati fog\u00e1saival ismerkedtek meg. A Pannonhalm\u00e1ra szervezett kir\u00e1ndul\u00e1s sor\u00e1n bej\u00e1rt\u00e1k a lombkorona tan\u00f6sv\u00e9nyt, megtekintett\u00e9k az arbor\u00e9tum gy\u00f3gyn\u00f6v\u00e9nykertj\u00e9t, valamint megismert\u00e9k a F\u0151ap\u00e1ts\u00e1g kultur\u00e1lis \u00f6r\u00f6ks\u00e9g\u00e9t.<\/p>\n\n\n\n<p class=\"wp-block-paragraph\">A Barangol\u00f3 kir\u00e1ndul\u00e1sok tov\u00e1bbra is fontos szerepet t\u00f6lt\u00f6ttek be az iskola k\u00f6z\u00f6ss\u00e9gi \u00e9let\u00e9ben. Az adventi id\u0151szakban a budapesti adventi v\u00e1s\u00e1r \u00e9s a Szent Istv\u00e1n-bazilika megl\u00e1togat\u00e1sa er\u0151s\u00edtette a kereszt\u00e9ny \u00fcnnepre val\u00f3 lelki felk\u00e9sz\u00fcl\u00e9st \u00e9s a k\u00f6z\u00f6ss\u00e9gi \u00e9lm\u00e9nyeket. Tavasszal k\u00f6zel \u00f6tvenf\u0151s csoporttal kir\u00e1ndultunk az ausztriai Myraf\u00e4lle v\u00edzes\u00e9shez, ahol a tanul\u00f3k testk\u00f6zelb\u0151l tapasztalhatt\u00e1k meg a term\u00e9szet sz\u00e9ps\u00e9g\u00e9t \u00e9s erej\u00e9t. A kir\u00e1ndul\u00e1s sor\u00e1n a term\u00e9szet ir\u00e1nti tisztelet \u00e9s a k\u00f6z\u00f6sen \u00e1t\u00e9lt \u00e9lm\u00e9nyek egyar\u00e1nt gazdag\u00edtott\u00e1k r\u00e9sztvev\u0151inket.<\/p>\n\n\n\n<p class=\"wp-block-paragraph\">A <strong>Hat\u00e1rtalanul!<\/strong> tanulm\u00e1nyi kir\u00e1ndul\u00e1s sor\u00e1n a tanul\u00f3k nemcsak a k\u00fclhoni magyars\u00e1g kultur\u00e1lis \u00e9s t\u00f6rt\u00e9nelmi \u00f6r\u00f6ks\u00e9g\u00e9vel ismerkedhettek meg, hanem a K\u00e1rp\u00e1t-medence kiemelked\u0151 term\u00e9szeti \u00e9rt\u00e9keit is felfedezt\u00e9k. A t\u00far\u00e1k \u00e9s szabadt\u00e9ri programok sor\u00e1n k\u00f6zvetlen\u00fcl megtapasztalhatt\u00e1k a teremtett vil\u00e1g soksz\u00edn\u0171s\u00e9g\u00e9t, a hegyvid\u00e9ki t\u00e1jak, erd\u0151k \u00e9s vizek k\u00fcl\u00f6nleges \u00e9l\u0151vil\u00e1g\u00e1t. A term\u00e9szetben elt\u00f6lt\u00f6tt id\u0151 lehet\u0151s\u00e9get adott arra, hogy a di\u00e1kok felismerj\u00e9k a term\u00e9szeti \u00e9rt\u00e9kek meg\u0151rz\u00e9s\u00e9nek fontoss\u00e1g\u00e1t, \u00e9s er\u0151s\u00f6dj\u00f6n benn\u00fck a felel\u0151s, k\u00f6rnyezettudatos szeml\u00e9let. A kir\u00e1ndul\u00e1s kiv\u00e1l\u00f3 p\u00e9ld\u00e1ja volt annak, hogy a hazaszeretet, a kereszt\u00e9ny \u00e9rt\u00e9krend \u00e9s a teremt\u00e9sv\u00e9delem egym\u00e1st er\u0151s\u00edtve jelenhet meg az iskolai nevel\u00e9sben.<\/p>\n\n\n\n<p class=\"wp-block-paragraph\"><strong>Az iskolakert fejleszt\u00e9se<\/strong><\/p>\n\n\n\n<p class=\"wp-block-paragraph\">A tan\u00e9v egyik legjelent\u0151sebb teremt\u00e9sv\u00e9delmi projektje az iskolakert b\u0151v\u00edt\u00e9se volt. A kor\u00e1bbi k\u00e9t magas\u00e1gy\u00e1s mell\u00e9 h\u00e9t \u00faj magas\u00edtott \u00e1gy\u00e1s k\u00e9sz\u00fclt, amelyeket a term\u00e9szetj\u00e1r\u00f3 szakk\u00f6r\u00f6s tanul\u00f3k \u00e9s sz\u00fcleik k\u00f6z\u00f6s munk\u00e1val alak\u00edtottak ki.<\/p>\n\n\n\n<p class=\"wp-block-paragraph\">Az \u00faj \u00e1gy\u00e1sokban bors\u00f3, k\u00e1posztaf\u00e9l\u00e9k, karal\u00e1b\u00e9, petrezselyem, c\u00e9kla, hagymaf\u00e9l\u00e9k, burgonya, paprika, paradicsom, valamint k\u00fcl\u00f6nf\u00e9le f\u0171szern\u00f6v\u00e9nyek kaptak helyet. Egy magas\u00e1gy\u00e1st vir\u00e1goskertk\u00e9nt alak\u00edtottunk ki, amelynek hossz\u00fa t\u00e1v\u00fa c\u00e9lja egy bibliai kert l\u00e9trehoz\u00e1sa, ezzel is er\u0151s\u00edtve int\u00e9zm\u00e9ny\u00fcnk katolikus arculat\u00e1t.<\/p>\n\n\n\n<p class=\"wp-block-paragraph\">A kert kialak\u00edt\u00e1sa sor\u00e1n a tanul\u00f3k saj\u00e1t \u00e9lm\u00e9nyeken kereszt\u00fcl tapasztalhatt\u00e1k meg a n\u00f6v\u00e9nytermeszt\u00e9s folyamat\u00e1t, a rendszeres gondoz\u00e1s felel\u0151ss\u00e9g\u00e9t \u00e9s a k\u00f6z\u00f6s munka \u00f6r\u00f6m\u00e9t. Az iskolakert m\u00e1ra a k\u00f6rnyezeti nevel\u00e9s egyik legfontosabb gyakorlati helysz\u00edn\u00e9v\u00e9 v\u00e1lt.<\/p>\n\n\n\n<p class=\"wp-block-paragraph\"><strong>\u00d6sszegz\u00e9s<\/strong><\/p>\n\n\n\n<p class=\"wp-block-paragraph\">A 2025\/2026-os tan\u00e9v teremt\u00e9sv\u00e9delmi programjai sikeresen szolg\u00e1lt\u00e1k az iskola nevel\u00e9si c\u00e9lkit\u0171z\u00e9seit. A tan\u00f3rai ismeret\u00e1tad\u00e1s, a hit\u00e9leti programok, a szakk\u00f6ri foglalkoz\u00e1sok, a kir\u00e1ndul\u00e1sok \u00e9s az iskolakert fejleszt\u00e9se egyar\u00e1nt hozz\u00e1j\u00e1rultak ahhoz, hogy tanul\u00f3inkban er\u0151s\u00f6dj\u00f6n a teremtett vil\u00e1g ir\u00e1nti felel\u0151ss\u00e9g\u00e9rzet, a k\u00f6rnyezettudatos gondolkod\u00e1s \u00e9s a k\u00f6z\u00f6ss\u00e9g\u00e9rt v\u00e1llalt felel\u0151ss\u00e9g.<\/p>\n\n\n\n<p class=\"wp-block-paragraph\">Kiemelked\u0151 eredm\u00e9nynek tekintj\u00fck, hogy a gyermekek nemcsak elm\u00e9leti ismereteket szereztek, hanem szem\u00e9lyes \u00e9lm\u00e9nyeken kereszt\u00fcl tapasztalhatt\u00e1k meg a term\u00e9szet \u00e9rt\u00e9keit, a fenntarthat\u00f3 \u00e9letm\u00f3d fontoss\u00e1g\u00e1t \u00e9s a kereszt\u00e9ny teremt\u00e9sv\u00e9delem gyakorlati megval\u00f3s\u00edt\u00e1s\u00e1t. A k\u00f6z\u00f6s programok er\u0151s\u00edtett\u00e9k az iskolai k\u00f6z\u00f6ss\u00e9get, a csal\u00e1dok bevon\u00e1s\u00e1val pedig a teremt\u00e9sv\u00e9delem \u00fcgye az iskola falain t\u00fal is hat\u00e9konyan tudott \u00e9rv\u00e9nyes\u00fclni. A tan\u00e9v sor\u00e1n v\u00e9gzett munka megfelel\u0151 alapot teremt a k\u00f6vetkez\u0151 \u00e9vek teremt\u00e9sv\u00e9delmi feladatainak folytat\u00e1s\u00e1hoz \u00e9s tov\u00e1bbfejleszt\u00e9s\u00e9hez.<\/p>\n\n\n\n\n\nngg_shortcode_1_placeholder\n","protected":false},"excerpt":{"rendered":"<div class=\"mh-excerpt\"><p>Teremt\u00e9sv\u00e9d\u0151 oktat\u00e1si int\u00e9zm\u00e9ny c\u00edm elnyer\u00e9s\u00e9re lehetett p\u00e1ly\u00e1zni az MKPK Caritas in Veritate Bizotts\u00e1ga \u00e9s a Katolikus Pedag\u00f3giai Int\u00e9zet \u00e1ltal ki\u00edrt p\u00e1ly\u00e1zat\u00e1n. A Magyar Katolikus P\u00fcsp\u00f6ki <a class=\"mh-excerpt-more\" href=\"https:\/\/szentannaszany.hu\/index.php\/teremtesvedo-intezmeny\/\" title=\"TEREMT\u00c9SV\u00c9D\u0150 INT\u00c9ZM\u00c9NY\">[&#8230;]<\/a><\/p>\n<\/div>","protected":false},"author":1,"featured_media":0,"parent":0,"menu_order":0,"comment_status":"closed","ping_status":"closed","template":"","meta":{"ngg_post_thumbnail":0,"cybocfi_hide_featured_image":"","footnotes":""},"class_list":["post-516","page","type-page","status-publish","hentry"],"_links":{"self":[{"href":"https:\/\/szentannaszany.hu\/index.php\/wp-json\/wp\/v2\/pages\/516","targetHints":{"allow":["GET"]}}],"collection":[{"href":"https:\/\/szentannaszany.hu\/index.php\/wp-json\/wp\/v2\/pages"}],"about":[{"href":"https:\/\/szentannaszany.hu\/index.php\/wp-json\/wp\/v2\/types\/page"}],"author":[{"embeddable":true,"href":"https:\/\/szentannaszany.hu\/index.php\/wp-json\/wp\/v2\/users\/1"}],"replies":[{"embeddable":true,"href":"https:\/\/szentannaszany.hu\/index.php\/wp-json\/wp\/v2\/comments?post=516"}],"version-history":[{"count":8,"href":"https:\/\/szentannaszany.hu\/index.php\/wp-json\/wp\/v2\/pages\/516\/revisions"}],"predecessor-version":[{"id":688,"href":"https:\/\/szentannaszany.hu\/index.php\/wp-json\/wp\/v2\/pages\/516\/revisions\/688"}],"wp:attachment":[{"href":"https:\/\/szentannaszany.hu\/index.php\/wp-json\/wp\/v2\/media?parent=516"}],"curies":[{"name":"wp","href":"https:\/\/api.w.org\/{rel}","templated":true}]}}