{"id":509,"date":"2026-01-08T12:32:48","date_gmt":"2026-01-08T12:32:48","guid":{"rendered":"https:\/\/szentannaszany.hu\/?page_id=509"},"modified":"2026-01-08T12:32:48","modified_gmt":"2026-01-08T12:32:48","slug":"aktiv-iskola","status":"publish","type":"page","link":"https:\/\/szentannaszany.hu\/index.php\/aktiv-iskola\/","title":{"rendered":"AKT\u00cdV ISKOLA"},"content":{"rendered":"\n<p class=\"wp-block-paragraph\"><strong>AKT\u00cdV ISKOLA \u2013 MOZG\u00c1SBA HOZ<\/strong><\/p>\n\n\n\n<p class=\"wp-block-paragraph\">Az Akt\u00edv Iskola v\u00e9djegyrendszer a Magyar Di\u00e1ksport Sz\u00f6vets\u00e9g \u00e1ltal ind\u00edtott mozg\u00e1s\u00f6szt\u00f6nz\u0151 program \u00e1ltal\u00e1nos \u00e9s k\u00f6z\u00e9piskol\u00e1k r\u00e9sz\u00e9re.<\/p>\n\n\n\n<p class=\"wp-block-paragraph\"><strong>C\u00c9LUNK:<\/strong><\/p>\n\n\n\n<p class=\"wp-block-paragraph\">A gyerekek rendszeres mozg\u00e1s\u00e1t t\u00e1mogat\u00f3 k\u00f6rnyezet form\u00e1l\u00f3djon.<\/p>\n\n\n\n<p class=\"wp-block-paragraph\"><strong>K\u00dcLDET\u00c9S\u00dcNK:<\/strong><\/p>\n\n\n\n<p class=\"wp-block-paragraph\">Minden tanul\u00f3nak lehet\u0151s\u00e9ge legyen az optim\u00e1lis fizikai \u00e9s ment\u00e1lis fejl\u0151d\u00e9shez \u00e9s j\u00f3ll\u00e9thez sz\u00fcks\u00e9ges, megfelel\u0151 mennyis\u00e9g\u0171 \u00e9s min\u0151s\u00e9g\u0171 testmozg\u00e1shoz.<\/p>\n\n\n<div class=\"wp-block-image\">\n<figure class=\"aligncenter size-full\"><img loading=\"lazy\" decoding=\"async\" width=\"607\" height=\"306\" src=\"https:\/\/szentannaszany.hu\/wp-content\/uploads\/Aktiv_iskola1.jpg\" alt=\"\" class=\"wp-image-510\" srcset=\"https:\/\/szentannaszany.hu\/wp-content\/uploads\/Aktiv_iskola1.jpg 607w, https:\/\/szentannaszany.hu\/wp-content\/uploads\/Aktiv_iskola1-300x151.jpg 300w\" sizes=\"auto, (max-width: 607px) 100vw, 607px\" \/><\/figure>\n<\/div>\n\n\n<p class=\"wp-block-paragraph\"><strong>PROGRAM, F\u0150 TER\u00dcLETEK<\/strong><\/p>\n\n\n\n<ul class=\"wp-block-list\">\n<li><strong>Min\u0151s\u00e9gi di\u00e1ksport<\/strong><\/li>\n<\/ul>\n\n\n\n<p class=\"wp-block-paragraph\">B\u0151v\u00fcl a tan\u00f3r\u00e1n k\u00edv\u00fcli di\u00e1ksport foglalkoz\u00e1sok \u00e9s esem\u00e9nyek k\u00f6re<\/p>\n\n\n\n<ul class=\"wp-block-list\">\n<li><strong>Min\u0151s\u00e9gi testnevel\u00e9s<\/strong><\/li>\n<\/ul>\n\n\n\n<p class=\"wp-block-paragraph\">Folyamatosan fejl\u0151dnek a testnevel\u00e9st tan\u00edt\u00f3 pedag\u00f3gusok \u00e9s a fitts\u00e9goktat\u00e1s<\/p>\n\n\n\n<ul class=\"wp-block-list\">\n<li><strong>Eg\u00e9szs\u00e9ges \u00e9letm\u00f3dot t\u00e1mogat\u00f3 k\u00f6rnyezet<\/strong><\/li>\n<\/ul>\n\n\n\n<p class=\"wp-block-paragraph\">Olyan iskolai k\u00f6rnyezet kialak\u00edt\u00e1sa a c\u00e9l, amely eg\u00e9szs\u00e9ges \u00e9letm\u00f3dra \u00f6szt\u00f6nzi a tanul\u00f3kat<\/p>\n\n\n\n<ul class=\"wp-block-list\">\n<li><strong>Tanul\u00f3i bevon\u00f3d\u00e1s<\/strong><\/li>\n<\/ul>\n\n\n\n<p class=\"wp-block-paragraph\">A tanul\u00f3k bevon\u00e1sa az iskolai sport aktivit\u00e1sok szervez\u00e9s\u00e9be, lebonyol\u00edt\u00e1s\u00e1ba<\/p>\n\n\n\n<ul class=\"wp-block-list\">\n<li><strong>Partners\u00e9g \u00e9s kommunik\u00e1ci\u00f3<\/strong><\/li>\n<\/ul>\n\n\n\n<p class=\"wp-block-paragraph\">Folyamatos tapasztalatmegoszt\u00f3, t\u00e1j\u00e9koztat\u00f3 \u00e9s fejleszt\u00e9st c\u00e9lz\u00f3 kommunik\u00e1ci\u00f3 folytat\u00e1sa az iskol\u00e1n bel\u00fcl, a sz\u00fcl\u0151i k\u00f6z\u00f6ss\u00e9ggel, m\u00e1s Akt\u00edv Iskol\u00e1kkal \u00e9s lehets\u00e9ges partnerekkel a telep\u00fcl\u00e9sen<\/p>\n\n\n\n<p class=\"wp-block-paragraph\"><strong>MEGVAL\u00d3S\u00cdT\u00c1S<\/strong><\/p>\n\n\n\n<p class=\"wp-block-paragraph\">A di\u00e1kokat a testnevel\u00e9s \u00f3r\u00e1kon k\u00edv\u00fcl is arra \u00f6szt\u00f6n\u00f6zz\u00fck, hogy sokat mozogjanak, p\u00e9ld\u00e1ul tan\u00edt\u00e1s el\u0151tt, egyes tan\u00f3r\u00e1kon, tan\u00f3rai sz\u00fcnetekben vagy a d\u00e9lut\u00e1n folyam\u00e1n.<\/p>\n\n\n\n<p class=\"wp-block-paragraph\">Az Akt\u00edv Iskol\u00e1k a kor\u00e1bbiakhoz k\u00e9pest t\u00f6bb \u00e9s v\u00e1ltozatosabb mozg\u00e1s- \u00e9s sportlehet\u0151s\u00e9get biztos\u00edtanak, seg\u00edtve ezzel a csal\u00e1dok id\u0151beoszt\u00e1s\u00e1t is.<\/p>\n\n\n\n<p class=\"wp-block-paragraph\"><strong>T\u00c1MOGAT\u00c1S<\/strong><\/p>\n\n\n<div class=\"wp-block-image\">\n<figure class=\"aligncenter size-large\"><img loading=\"lazy\" decoding=\"async\" width=\"1024\" height=\"234\" src=\"https:\/\/szentannaszany.hu\/wp-content\/uploads\/Aktiv_iskola2-1024x234.jpg\" alt=\"\" class=\"wp-image-511\" srcset=\"https:\/\/szentannaszany.hu\/wp-content\/uploads\/Aktiv_iskola2-1024x234.jpg 1024w, https:\/\/szentannaszany.hu\/wp-content\/uploads\/Aktiv_iskola2-300x68.jpg 300w, https:\/\/szentannaszany.hu\/wp-content\/uploads\/Aktiv_iskola2-768x175.jpg 768w, https:\/\/szentannaszany.hu\/wp-content\/uploads\/Aktiv_iskola2-1536x351.jpg 1536w, https:\/\/szentannaszany.hu\/wp-content\/uploads\/Aktiv_iskola2.jpg 1844w\" sizes=\"auto, (max-width: 1024px) 100vw, 1024px\" \/><\/figure>\n<\/div>\n\n\n<p class=\"wp-block-paragraph\"><strong>MEGVAL\u00d3S\u00cdT\u00c1S, A FEJL\u0150D\u00c9SI FOLYAMAT<\/strong><\/p>\n\n\n\n<p class=\"wp-block-paragraph\">Az Akt\u00edv Iskola v\u00e9djegyrendszerben k\u00fcl\u00f6nb\u00f6z\u0151 mozg\u00e1sra \u00f6szt\u00f6nz\u0151 felt\u00e9teleknek kell megfelelni int\u00e9zm\u00e9ny\u00fcnknek.<\/p>\n\n\n\n<p class=\"wp-block-paragraph\">A megval\u00f3s\u00edtott programok\u00e9rt pontokat gy\u0171jt\u00fcnk, amelyeket<\/p>\n\n\n\n<p class=\"wp-block-paragraph\">mozg\u00e1s\u00f6szt\u00f6nz\u0151 eszk\u00f6z\u00f6kre, programlehet\u0151s\u00e9gekre, szolg\u00e1ltat\u00e1sokra tudjuk bev\u00e1ltani.<\/p>\n\n\n\n<p class=\"wp-block-paragraph\">Ez alapj\u00e1n k\u00fcl\u00f6nb\u00f6z\u0151 szint\u0171 min\u0151s\u00edt\u00e9seket szerezhet\u00fcnk az eml\u00edtett 5 f\u0151 ter\u00fcleten. Az Akt\u00edv Iskola v\u00e9djegyrendszerben k\u00fcl\u00f6nb\u00f6z\u0151 mozg\u00e1sra \u00f6szt\u00f6nz\u0151 felt\u00e9teleknek kell megfelelni<\/p>\n\n\n<div class=\"wp-block-image\">\n<figure class=\"aligncenter size-full\"><img loading=\"lazy\" decoding=\"async\" width=\"180\" height=\"180\" src=\"https:\/\/szentannaszany.hu\/wp-content\/uploads\/Aktiv_iskola3.jpg\" alt=\"\" class=\"wp-image-512\" srcset=\"https:\/\/szentannaszany.hu\/wp-content\/uploads\/Aktiv_iskola3.jpg 180w, https:\/\/szentannaszany.hu\/wp-content\/uploads\/Aktiv_iskola3-150x150.jpg 150w\" sizes=\"auto, (max-width: 180px) 100vw, 180px\" \/><\/figure>\n<\/div>\n\n\n<p class=\"wp-block-paragraph\"><strong>CSATLAKOZ\u00c1S: 2024\/25. tan\u00e9v<\/strong><\/p>\n\n\n\n<p class=\"wp-block-paragraph\">A szanyi Szent Anna Katolikus \u00c1ltal\u00e1nos Iskola \u00e9s \u00d3voda Akt\u00edv Iskola munkaterve \u00f6sszhangban \u00e1ll a mindennapos testnevel\u00e9s, iskolai Pedag\u00f3giai Programban foglaltakkal.<\/p>\n\n\n\n<p class=\"wp-block-paragraph\"><strong>REGION\u00c1LIS KOORDIN\u00c1TOROK, AKIK SEG\u00cdTIK MUNK\u00c1NKAT: <\/strong>Koordin\u00e1tor Gy\u0151r<\/p>\n\n\n\n<p class=\"wp-block-paragraph\"><strong>A TAN\u00c9V SOR\u00c1N KIEMELT NEVEL\u00c9SI-OKTAT\u00c1SI C\u00c9LJAINK:<\/strong><\/p>\n\n\n\n<ul class=\"wp-block-list\">\n<li>az eg\u00e9szs\u00e9ges \u00e9letm\u00f3dra val\u00f3 szocializ\u00e1ci\u00f3,<\/li>\n\n\n\n<li>a rendszeres fizikai aktivit\u00e1s be\u00e9p\u00edt\u00e9se a di\u00e1kok \u00e9let\u00e9be,<\/li>\n\n\n\n<li>a testi-lelki eg\u00e9szs\u00e9g fejleszt\u00e9se,<\/li>\n\n\n\n<li>a mozg\u00e1s \u00e9s tanul\u00e1s k\u00f6z\u00f6tti kapcsolat meg\u00e9rt\u00e9se,<\/li>\n\n\n\n<li>a fitts\u00e9gi szintek \u00e9s mozg\u00e1sos k\u00e9szs\u00e9gek fejleszt\u00e9se<\/li>\n\n\n\n<li>a tart\u00e1sjav\u00edt\u00e1s,<\/li>\n\n\n\n<li>a testtudat n\u00f6vel\u00e9se<\/li>\n\n\n\n<li>a sz\u00edv- \u00e9s \u00e9rrendszeri, valamint l\u00e9gz\u0151szervi terhel\u00e9s biztos\u00edt\u00e1sa<\/li>\n\n\n\n<li>\u00e9lethosszig tart\u00f3 akt\u00edv \u00e9letm\u00f3d kialak\u00edt\u00e1sa<\/li>\n\n\n\n<li>a rendszeres mozg\u00e1s a di\u00e1kok \u00e9let\u00e9nek r\u00e9sz\u00e9v\u00e9 v\u00e1ljon, \u00e9s eg\u00e9szs\u00e9ges, akt\u00edv \u00e9letvitelt folytassanak k\u00e9s\u0151bb is.<\/li>\n<\/ul>\n\n\n\n<p class=\"wp-block-paragraph\"><strong>Eg\u00e9szs\u00e9gfejleszt\u00e9s:<\/strong> C\u00e9l a fizikai \u00e9s lelki eg\u00e9szs\u00e9g fejleszt\u00e9se, a testtudat \u00e9s az izomtudat n\u00f6vel\u00e9se, valamint a sz\u00edv- \u00e9s \u00e9rrendszeri, l\u00e9gz\u0151szervi terhel\u00e9s biztos\u00edt\u00e1sa minden \u00f3r\u00e1n.<\/p>\n\n\n\n<p class=\"wp-block-paragraph\"><strong>Mozg\u00e1s \u00e9s tanul\u00e1s kapcsolat\u00e1nak meg\u00e9rt\u00e9se:<\/strong> A di\u00e1koknak \u00e1t kell adni azt a tud\u00e1st, hogy a mozg\u00e1s hogyan hat pozit\u00edvan a tanul\u00e1si k\u00e9pess\u00e9gekre \u00e9s a lelki m\u0171k\u00f6d\u00e9sre.<\/p>\n\n\n\n<p class=\"wp-block-paragraph\"><strong>Specifikus c\u00e9lok<\/strong><\/p>\n\n\n\n<p class=\"wp-block-paragraph\"><strong>Tart\u00e1sjav\u00edt\u00e1s: <\/strong>A testnevel\u00e9si \u00f3r\u00e1k c\u00e9lja a biomechanikailag helyes testtart\u00e1s kialak\u00edt\u00e1sa \u00e9s fenntart\u00e1sa, bele\u00e9rtve a l\u00e1b izmainak er\u0151s\u00edt\u00e9s\u00e9t \u00e9s a helyes l\u00e9gz\u00e9stechnika elsaj\u00e1t\u00edt\u00e1s\u00e1t.<\/p>\n\n\n\n<p class=\"wp-block-paragraph\"><strong>Fitts\u00e9gi szint fejleszt\u00e9se:<\/strong> A mindennapos testmozg\u00e1s hozz\u00e1j\u00e1rul a di\u00e1kok fitts\u00e9gi szintj\u00e9nek, k\u00e9pess\u00e9geinek \u00e9s k\u00e9szs\u00e9geinek megfelel\u0151 fejl\u0151d\u00e9s\u00e9hez.<\/p>\n\n\n\n<p class=\"wp-block-paragraph\"><strong>Testtudat n\u00f6vel\u00e9se:<\/strong> A tart\u00e1sjav\u00edt\u00e1son \u00e9s a relax\u00e1ci\u00f3n kereszt\u00fcl fejl\u0151dik a di\u00e1kok testtudata, ami er\u0151s\u00edti a mozg\u00e1s \u00e1ltal\u00e1nos testi-lelki eg\u00e9szs\u00e9gre gyakorolt hat\u00e1s\u00e1t.<\/p>\n\n\n\n<p class=\"wp-block-paragraph\">A c\u00e9lokat a pedag\u00f3gusok k\u00f6z\u00f6sen, mindennapos testnevel\u00e9s keret\u00e9ben \u00e9s tan\u00f3rai kereteken k\u00edv\u00fcl k\u00edv\u00e1nj\u00e1k megval\u00f3s\u00edtani.<\/p>\n\n\n\n<p class=\"wp-block-paragraph\"><strong>2024\/2025-\u00f6s tan\u00e9v esem\u00e9nyei<\/strong><\/p>\n\n\n\n<p class=\"wp-block-paragraph\"><strong>C\u00e9lkit\u0171z\u00e9s:<\/strong><\/p>\n\n\n\n<p class=\"wp-block-paragraph\">A 2024\/2025-\u00f6s tan\u00e9vben el\u00e9rni a KLUBTAGS\u00c1GI szintet. &nbsp;<\/p>\n\n\n\n<p class=\"wp-block-paragraph\"><strong>Megval\u00f3sult programok:<\/strong><\/p>\n\n\n\n<ol class=\"wp-block-list\">\n<li><strong>Min\u0151s\u00e9gi di\u00e1ksport ter\u00e9n megval\u00f3s\u00edtott programjaink (400 pont)<\/strong><\/li>\n<\/ol>\n\n\n\n<p class=\"wp-block-paragraph\">C\u00e9l: Tan\u00f3r\u00e1n k\u00edv\u00fcli di\u00e1ksport-foglalkoz\u00e1sok \u00e9s -esem\u00e9nyek b\u0151v\u00edt\u00e9se<\/p>\n\n\n\n<ul class=\"wp-block-list\">\n<li>2 di\u00e1ksportfesztiv\u00e1l szervez\u00e9se<\/li>\n\n\n\n<li>Di\u00e1kolimpiai r\u00e9szv\u00e9tel<\/li>\n\n\n\n<li>ESSD \u2013 Magyar Di\u00e1ksport Napja<\/li>\n\n\n\n<li>Iskolai sportnap<\/li>\n\n\n\n<li>Rendszeres iskolai sportk\u00f6r<\/li>\n\n\n\n<li>Di\u00e1kolimpia, r\u00e9sztvev\u0151k sz\u00e1ma<\/li>\n\n\n\n<li>Di\u00e1kolimpia, sport\u00e1gak sz\u00e1ma<\/li>\n<\/ul>\n\n\n\n<p class=\"wp-block-paragraph\">Iskolai sportk\u00f6reink: k\u00e9zilabda szakk\u00f6r: sportk\u00f6r\u00f6k\u00f6n r\u00e9szt vev\u0151 di\u00e1kok sz\u00e1ma: 27 f\u0151 61 tanul\u00f3 indult a Di\u00e1kolimpi\u00e1n, 4 sport\u00e1gban<\/p>\n\n\n\n<p class=\"wp-block-paragraph\">K\u00e9t sportfesztiv\u00e1lt szervezt\u00fcnk, 77 gyereket mozgattunk meg<\/p>\n\n\n\n<p class=\"wp-block-paragraph\">A Magyar Di\u00e1ksport Napj\u00e1n (az ESSD-n) r\u00e9szt vev\u0151 di\u00e1kok sz\u00e1ma: 361<\/p>\n\n\n\n<p class=\"wp-block-paragraph\"><strong>Programunk eredm\u00e9nye:<\/strong> A 2024\/2025-\u00f6s tan\u00e9vben a c\u00e9lkit\u0171z\u00e9st megval\u00f3s\u00edtottuk, <strong>EL\u00c9RT\u00dcK A KLUBTAGS\u00c1GI SZINTET.<\/strong><\/p>\n\n\n\n<figure class=\"wp-block-image size-large\"><img loading=\"lazy\" decoding=\"async\" width=\"1024\" height=\"514\" src=\"https:\/\/szentannaszany.hu\/wp-content\/uploads\/Aktiv_iskola4-1024x514.jpg\" alt=\"\" class=\"wp-image-513\" srcset=\"https:\/\/szentannaszany.hu\/wp-content\/uploads\/Aktiv_iskola4-1024x514.jpg 1024w, https:\/\/szentannaszany.hu\/wp-content\/uploads\/Aktiv_iskola4-300x151.jpg 300w, https:\/\/szentannaszany.hu\/wp-content\/uploads\/Aktiv_iskola4-768x385.jpg 768w, https:\/\/szentannaszany.hu\/wp-content\/uploads\/Aktiv_iskola4.jpg 1104w\" sizes=\"auto, (max-width: 1024px) 100vw, 1024px\" \/><\/figure>\n\n\n\n<p class=\"wp-block-paragraph\"><\/p>\n","protected":false},"excerpt":{"rendered":"<div class=\"mh-excerpt\"><p>AKT\u00cdV ISKOLA \u2013 MOZG\u00c1SBA HOZ Az Akt\u00edv Iskola v\u00e9djegyrendszer a Magyar Di\u00e1ksport Sz\u00f6vets\u00e9g \u00e1ltal ind\u00edtott mozg\u00e1s\u00f6szt\u00f6nz\u0151 program \u00e1ltal\u00e1nos \u00e9s k\u00f6z\u00e9piskol\u00e1k r\u00e9sz\u00e9re. C\u00c9LUNK: A gyerekek rendszeres <a class=\"mh-excerpt-more\" href=\"https:\/\/szentannaszany.hu\/index.php\/aktiv-iskola\/\" title=\"AKT\u00cdV ISKOLA\">[&#8230;]<\/a><\/p>\n<\/div>","protected":false},"author":1,"featured_media":0,"parent":0,"menu_order":0,"comment_status":"closed","ping_status":"closed","template":"","meta":{"ngg_post_thumbnail":0,"cybocfi_hide_featured_image":"","footnotes":""},"class_list":["post-509","page","type-page","status-publish","hentry"],"_links":{"self":[{"href":"https:\/\/szentannaszany.hu\/index.php\/wp-json\/wp\/v2\/pages\/509","targetHints":{"allow":["GET"]}}],"collection":[{"href":"https:\/\/szentannaszany.hu\/index.php\/wp-json\/wp\/v2\/pages"}],"about":[{"href":"https:\/\/szentannaszany.hu\/index.php\/wp-json\/wp\/v2\/types\/page"}],"author":[{"embeddable":true,"href":"https:\/\/szentannaszany.hu\/index.php\/wp-json\/wp\/v2\/users\/1"}],"replies":[{"embeddable":true,"href":"https:\/\/szentannaszany.hu\/index.php\/wp-json\/wp\/v2\/comments?post=509"}],"version-history":[{"count":1,"href":"https:\/\/szentannaszany.hu\/index.php\/wp-json\/wp\/v2\/pages\/509\/revisions"}],"predecessor-version":[{"id":514,"href":"https:\/\/szentannaszany.hu\/index.php\/wp-json\/wp\/v2\/pages\/509\/revisions\/514"}],"wp:attachment":[{"href":"https:\/\/szentannaszany.hu\/index.php\/wp-json\/wp\/v2\/media?parent=509"}],"curies":[{"name":"wp","href":"https:\/\/api.w.org\/{rel}","templated":true}]}}