{"id":265,"date":"2023-05-11T10:51:52","date_gmt":"2023-05-11T10:51:52","guid":{"rendered":"https:\/\/szentannaszany.hu\/?page_id=265"},"modified":"2026-02-26T13:01:36","modified_gmt":"2026-02-26T13:01:36","slug":"ovoda_bemutatkozas","status":"publish","type":"page","link":"https:\/\/szentannaszany.hu\/index.php\/ovoda_bemutatkozas\/","title":{"rendered":"\u00d3voda"},"content":{"rendered":"\n<p class=\"wp-block-paragraph\"><strong>BEMUTATKOZIK \u00d3VOD\u00c1NK A SZENT ANNA KATOLIKUS \u00c1LTAL\u00c1NOS ISKOLA \u00c9S \u00d3VODA TEGINT\u00c9ZM\u00c9NYEK\u00c9NT<\/strong><\/p>\n\n\n\n<p class=\"wp-block-paragraph\"><em>\u201e A gyermekek j\u00f6v\u0151je ma kezd\u0151dik- minden \u00f6lel\u00e9sben, minden b\u00edztat\u00f3 sz\u00f3ban\u2026\u201d<\/em><\/p>\n\n\n\n<p class=\"wp-block-paragraph\"><strong>\u00d3vod\u00e1nk t\u00f6rt\u00e9nete r\u00f6viden:<\/strong><\/p>\n\n\n\n<p class=\"wp-block-paragraph\">\u00d3vodai int\u00e9zm\u00e9ny\u00fcnk 1980-ban \u00e9p\u00fclt n\u00e9gy csoportszob\u00e1val, hozz\u00e1 tartoz\u00f3 \u00f6lt\u00f6z\u0151helys\u00e9gekkel, f\u0151z\u0151konyh\u00e1val.<\/p>\n\n\n\n<p class=\"wp-block-paragraph\">1992-ben egy csoportszob\u00e1val \u00e9s hozz\u00e1 tartoz\u00f3 gyermekmosd\u00f3val b\u0151v\u00edtett\u00e9k. Sajnos a gyermekl\u00e9tsz\u00e1m folyamatos cs\u00f6kken\u00e9se miatt az \u00f3vodai csoportok sz\u00e1ma 5-re majd 4-re cs\u00f6kkent. A gyermekek \u00e9tkeztet\u00e9s\u00e9t a szomsz\u00e9dos iskola konyh\u00e1ja biztos\u00edtja, az int\u00e9zm\u00e9nyben t\u00e1lal\u00f3 konyha ker\u00fclt kialak\u00edt\u00e1sra.<\/p>\n\n\n\n<p class=\"wp-block-paragraph\">1996-t\u00f3l 3 \u00f3vodai csoport m\u0171k\u00f6dik.<\/p>\n\n\n\n<p class=\"wp-block-paragraph\">2007-ben az int\u00e9zm\u00e9ny k\u00e9t tagint\u00e9zm\u00e9nnyel b\u0151v\u00fclt (R\u00e1bacsanaki \u00e9s R\u00e1baszentandr\u00e1si tagint\u00e9zm\u00e9ny) \u00e9s felvette a Kerekerd\u0151 \u00d3voda nevet.<\/p>\n\n\n\n<p class=\"wp-block-paragraph\">2011-ben Eur\u00f3pai Uni\u00f3s \u00e9s hazai t\u00e1mogat\u00e1sb\u00f3l teljesen fel\u00faj\u00edtott\u00e1k, akad\u00e1ly mentes\u00edtett\u00e9k.<\/p>\n\n\n\n<p class=\"wp-block-paragraph\">2012-ben el\u0151sz\u00f6r nyert\u00fck el a Z\u00f6ld \u00f3voda c\u00edmet.<\/p>\n\n\n\n<p class=\"wp-block-paragraph\">2013: Jogszab\u00e1lyi v\u00e1ltoz\u00e1soknak megfelel\u0151en az \u00f3vod\u00e1nk neve: Szanyi Kerekerd\u0151 K\u00f6rzeti \u00d3voda.<\/p>\n\n\n\n<p class=\"wp-block-paragraph\">2015-ben m\u00e1sodszor is elnyert\u00fck a Z\u00f6ld \u00f3voda c\u00edmet.<\/p>\n\n\n\n<p class=\"wp-block-paragraph\">2017-ben \u00e1tad\u00e1sra ker\u00fclt az \u00f3voda udvar\u00e1n kialak\u00edtott KRESZ park, mely lehet\u0151s\u00e9get ny\u00fajt, hogy a gyermekek m\u00e1r eg\u00e9sz kis korban ismerkedhessenek a biztons\u00e1gos k\u00f6zleked\u00e9s szab\u00e1lyaival.<\/p>\n\n\n\n<p class=\"wp-block-paragraph\">2019-t\u0151l \u00f3vod\u00e1nk neve: Szent Anna Katolikus \u00c1ltal\u00e1nos Iskola \u00e9s \u00d3voda. Fenntart\u00f3ja a Gy\u0151ri Egyh\u00e1zmegye. Tag\u00f3vod\u00e1nkhoz tartoz\u00f3an h\u00e1rom telephely m\u0171k\u00f6d\u00f6tt: R\u00e1baszentandr\u00e1s, Egyh\u00e1zaskesz\u0151, R\u00e1bacsanak.<\/p>\n\n\n\n<p class=\"wp-block-paragraph\">2021- t\u0151l a R\u00e1bacsanaki telephely ism\u00e9t \u00f6nkorm\u00e1nyzati fenntart\u00e1s\u00fa int\u00e9zm\u00e9ny, \u00edgy jelenleg a Szanyi tag\u00f3voda \u00e9s a hozz\u00e1 tartoz\u00f3 k\u00e9t telephely \u00f3voda (R\u00e1baszentandr\u00e1s, Egyh\u00e1zaskesz\u0151) fogadja a hozz\u00e1nk \u00e9rkez\u0151 gyermekeket.<\/p>\n\n\n\n<p class=\"wp-block-paragraph\">2024-ben \u00f3vod\u00e1nk elnyerte a Teremt\u00e9sv\u00e9d\u0151 \u00f3voda c\u00edmet.<\/p>\n\n\n\n<p class=\"wp-block-paragraph\"><strong>\u00d3vodai mindennapjaink:<\/strong><\/p>\n\n\n\n<p class=\"wp-block-paragraph\"><em>Tag\u00f3vod\u00e1nk \u00e9p\u00fclet<\/em>100 f\u00e9r\u0151helyes 4 csoportszob\u00e1val, 1 tornaszob\u00e1val, nevel\u0151i szob\u00e1val, logop\u00e9diai foglalkoztat\u00f3val. <em>Telephely<\/em> \u00f3vod\u00e1ink 25 f\u00e9r\u0151helyesek, egy- egy \u00f3vodai csoporttal m\u0171k\u00f6dnek.<\/p>\n\n\n\n<p class=\"wp-block-paragraph\">Mindh\u00e1rom int\u00e9zm\u00e9ny korszer\u0171, j\u00f3l felszerelt, a gyermeki ig\u00e9nyeket, sz\u00fcks\u00e9gleteket maxim\u00e1lisan kiel\u00e9g\u00edt\u0151 \u00e9p\u00fcletben, t\u00e1gas nagy udvarral, korszer\u0171, folyamatosan b\u0151v\u00fcl\u0151 j\u00e1tsz\u00f3t\u00e9ri eszk\u00f6z\u00f6kkel m\u0171k\u00f6dik.<\/p>\n\n\n\n<p class=\"wp-block-paragraph\">A f\u00e9r\u0151hely f\u00fcggv\u00e9ny\u00e9ben a k\u00f6rnyez\u0151 telep\u00fcl\u00e9sekr\u0151l \u00e9rkez\u0151 gyermekeket is fogadjuk.<\/p>\n\n\n\n<p class=\"wp-block-paragraph\"><em>Szem\u00e9lyi felt\u00e9telek:<\/em>A hat \u00f3vodai csoportban 11f\u0151 \u00f3vodapedag\u00f3gus, 6 f\u0151 dajka, \u00e9s 3 f\u0151 pedag\u00f3giai asszisztens seg\u00edti, t\u00e1mogatja, szervezi az \u00f3vod\u00e1s gyermekek mindennapjait. \u00d3vod\u00e1nk csal\u00e1dias l\u00e9gk\u00f6r\u0171, biztons\u00e1gos hely, ahol minden gyermek egy\u00e9ni figyelmet, \u00e9s t\u00e1mogat\u00e1st kap. Tapasztalt \u00f3vodapedag\u00f3gusaink hivat\u00e1sk\u00e9nt tekintenek munk\u00e1jukra, a gyermekek testi, lelki, szellemi fejl\u0151d\u00e9s\u00e9t gondosan seg\u00edtik. Nagy hangs\u00falyt fektet\u00fcnk a biztons\u00e1gos, meleg, szeretetteljes l\u00e9gk\u00f6r kialak\u00edt\u00e1s\u00e1ra, a mozg\u00e1sfejleszt\u00e9sre, az iskol\u00e1ra val\u00f3 felk\u00e9sz\u00edt\u00e9sre. \u00d3vod\u00e1n bel\u00fcli, \u00e9s k\u00edv\u00fcli programokat, sz\u00ednh\u00e1zakat, kir\u00e1ndul\u00e1sokat, koncerteket, csal\u00e1di d\u00e9lut\u00e1nokat szervez\u00fcnk biztos\u00edtva ezzel gyermekeinknek az \u00e9lm\u00e9nyekkel teli \u00f3vodai mindennapokat. Az int\u00e9zm\u00e9nyben lehet\u0151s\u00e9g van n\u00e9pi gyermekj\u00e1t\u00e9kos foglalkoz\u00e1sokon, gy\u00f3gytestnevel\u0151 foglalkoz\u00e1son, tart\u00e1sjav\u00edt\u00f3 torn\u00e1n val\u00f3 r\u00e9szv\u00e9telre, int\u00e9zm\u00e9ny\u00fcnkben m\u0171k\u00f6dik az Ovizsaru program. Ezen foglalkoz\u00e1sokat a gyermekek t\u00e9r\u00edt\u00e9smentesen vehetik ig\u00e9nybe. El\u0151zetes sz\u00fcl\u0151i ig\u00e9nyfelm\u00e9r\u00e9s alapj\u00e1n az \u00f3voda t\u00e9r\u00edt\u00e9ses uszodal\u00e1togat\u00e1st, j\u00e1t\u00e9kos angol, \u00e9s zeneovi foglalkoz\u00e1st biztos\u00edt. Katolikus \u00f3vodak\u00e9nt nagy hangs\u00falyt helyez\u00fcnk a gyermekek hit\u00e9leti nevel\u00e9s\u00e9re is, olyan \u00e9rt\u00e9keket \u00e1tadva, mely k\u00e9s\u0151bbi \u00e9let\u00fckben t\u00e1mogat\u00f3 h\u00e1tt\u00e9r lehet.<\/p>\n\n\n\n<p class=\"wp-block-paragraph\">\u00d3vod\u00e1nk saj\u00e1t <em>Pedag\u00f3giai Programmal<\/em>rendelkezik, melyben kiemelt figyelmet kap a k\u00fcls\u0151 vil\u00e1g tev\u00e9keny megismer\u00e9se, a k\u00f6rnyezettudatoss\u00e1gra nevel\u00e9s, a teremtett vil\u00e1gunk v\u00e9delme, a kisgyermekkori hit\u00e9leti nevel\u00e9s. A hagyom\u00e1nyok \u00e1pol\u00e1s\u00e1ra is nagy hangs\u00falyt helyez\u00fcnk.<\/p>\n\n\n\n<p class=\"wp-block-paragraph\">Int\u00e9zm\u00e9ny\u00fcnk kiemelt figyelmet, k\u00fcl\u00f6nleges b\u00e1n\u00e1sm\u00f3dot ig\u00e9nyl\u0151 gyermekeket is nevel, akiknek fejleszt\u00e9s\u00e9t utaz\u00f3 \u00e9s saj\u00e1t szakemberek l\u00e1tnak el, a logop\u00e9diai fejleszt\u00e9s, \u00e9s a fejleszt\u0151pedag\u00f3giai ell\u00e1t\u00e1s szint\u00e9n helyben biztos\u00edtott.<\/p>\n\n\n\n<p class=\"wp-block-paragraph\">\u201e<em>Az \u00f3vod\u00e1s gyermek mosolya olyan, mint a tavaszi napf\u00e9ny- felmeleg\u00edti a sz\u00edvedet, \u00e9s szebb\u00e9 teszi a vil\u00e1got\u2026\u201d<\/em><\/p>\n\n\n\n<p class=\"wp-block-paragraph\">\u00d3vod\u00e1ink sok szeretettel v\u00e1rj\u00e1k a leend\u0151 \u00f3vod\u00e1s gyermekeket.<\/p>\n\n\n\n<p class=\"wp-block-paragraph\"><em>T\u00f6rekin\u00e9 P\u00e9ter Edit<\/em><\/p>\n\n\n\n<p class=\"wp-block-paragraph\"><em>Tagint\u00e9zm\u00e9ny &#8211; igazgat\u00f3<\/em><\/p>\n","protected":false},"excerpt":{"rendered":"<div class=\"mh-excerpt\"><p>BEMUTATKOZIK \u00d3VOD\u00c1NK A SZENT ANNA KATOLIKUS \u00c1LTAL\u00c1NOS ISKOLA \u00c9S \u00d3VODA TEGINT\u00c9ZM\u00c9NYEK\u00c9NT \u201e A gyermekek j\u00f6v\u0151je ma kezd\u0151dik- minden \u00f6lel\u00e9sben, minden b\u00edztat\u00f3 sz\u00f3ban\u2026\u201d \u00d3vod\u00e1nk t\u00f6rt\u00e9nete r\u00f6viden: <a class=\"mh-excerpt-more\" href=\"https:\/\/szentannaszany.hu\/index.php\/ovoda_bemutatkozas\/\" title=\"\u00d3voda\">[&#8230;]<\/a><\/p>\n<\/div>","protected":false},"author":1,"featured_media":0,"parent":0,"menu_order":0,"comment_status":"closed","ping_status":"closed","template":"","meta":{"ngg_post_thumbnail":0,"cybocfi_hide_featured_image":"","footnotes":""},"class_list":["post-265","page","type-page","status-publish","hentry"],"_links":{"self":[{"href":"https:\/\/szentannaszany.hu\/index.php\/wp-json\/wp\/v2\/pages\/265","targetHints":{"allow":["GET"]}}],"collection":[{"href":"https:\/\/szentannaszany.hu\/index.php\/wp-json\/wp\/v2\/pages"}],"about":[{"href":"https:\/\/szentannaszany.hu\/index.php\/wp-json\/wp\/v2\/types\/page"}],"author":[{"embeddable":true,"href":"https:\/\/szentannaszany.hu\/index.php\/wp-json\/wp\/v2\/users\/1"}],"replies":[{"embeddable":true,"href":"https:\/\/szentannaszany.hu\/index.php\/wp-json\/wp\/v2\/comments?post=265"}],"version-history":[{"count":9,"href":"https:\/\/szentannaszany.hu\/index.php\/wp-json\/wp\/v2\/pages\/265\/revisions"}],"predecessor-version":[{"id":596,"href":"https:\/\/szentannaszany.hu\/index.php\/wp-json\/wp\/v2\/pages\/265\/revisions\/596"}],"wp:attachment":[{"href":"https:\/\/szentannaszany.hu\/index.php\/wp-json\/wp\/v2\/media?parent=265"}],"curies":[{"name":"wp","href":"https:\/\/api.w.org\/{rel}","templated":true}]}}