{"id":15,"date":"2022-12-01T12:14:02","date_gmt":"2022-12-01T12:14:02","guid":{"rendered":"https:\/\/szentannaszany.hu\/?page_id=15"},"modified":"2026-06-29T07:20:54","modified_gmt":"2026-06-29T07:20:54","slug":"hatartalanul","status":"publish","type":"page","link":"https:\/\/szentannaszany.hu\/index.php\/hatartalanul\/","title":{"rendered":"Hat\u00e1rtalanul"},"content":{"rendered":"\n<p class=\"has-large-font-size wp-block-paragraph\"><strong>2026.<\/strong><\/p>\n\n\n\n<p class=\"wp-block-paragraph\">Hat\u00e1rtalan \u00e9lm\u00e9nyek Erd\u00e9lyben\u2013 Hat\u00e1rtalanul 2026<\/p>\n\n\n\n<p class=\"wp-block-paragraph\">Di\u00e1kjainkkal egy\u00fctt az utaz\u00e1sra hangol\u00f3dva, el\u0151k\u00e9sz\u00edt\u0151 \u00f3r\u00e1n vett\u00fcnk r\u00e9szt, amelyen megismerkedt\u00fcnk utunk k\u00f6zben \u00e9rintett telep\u00fcl\u00e9sekkel, szem\u00e9lyekkel. Mindezt a Hat\u00e1rtalanul! Barangol\u00f3 digit\u00e1lis tartalom seg\u00edts\u00e9g\u00e9vel tett\u00fck meg.<\/p>\n\n\n\n<p class=\"wp-block-paragraph\">Iskol\u00e1nk 28 hetedikes tanul\u00f3ja a Bethlen G\u00e1bor Alapkezel\u0151 Zrt &#8211; Hat\u00e1rtalanul p\u00e1ly\u00e1zati Program keret\u00e9ben 6 felejthetetlen napot t\u00f6lthetett Erd\u00e9lyben.<\/p>\n\n\n\n<p class=\"wp-block-paragraph\">Hajnali h\u00e1romnegyed n\u00e9gykor \u00e1lmos szemekkel gy\u00fclekezt\u00fcnk az aut\u00f3busz el\u0151tt. Miut\u00e1n iskol\u00e1nk nev\u00e9t kiragasztottuk a sz\u00e9lv\u00e9d\u0151re, mindenki elfoglalta a hely\u00e9t. A v\u00e9gig profi, kedves \u00e9s intelligens sof\u0151rjeinknek, Zolinak \u00e9s Tominak k\u00f6sz\u00f6nhet\u0151en pontosan n\u00e9gy \u00f3rakor \u00fatnak indultunk. K\u00f6zel n\u00e9gy\u00f3r\u00e1s utaz\u00e1s ut\u00e1n tartottuk els\u0151 pihen\u0151nket, majd meg sem \u00e1lltunk els\u0151 erd\u00e9lyi \u00e1llom\u00e1sunkig, a Kolozs megyei Kir\u00e1lyh\u00e1g\u00f3ig.<\/p>\n\n\n\n<p class=\"wp-block-paragraph\">Itt csod\u00e1lhattuk meg el\u0151sz\u00f6r Erd\u00e9ly hegyekkel \u00e9s dombokkal tark\u00edtott, leny\u0171g\u00f6z\u0151 t\u00e1jait. A l\u00e1tv\u00e1ny m\u00e9lt\u00f3 felvezet\u00e9se volt az el\u0151tt\u00fcnk \u00e1ll\u00f3 h\u00e9tnek.<\/p>\n\n\n\n<p class=\"wp-block-paragraph\">Kolozsv\u00e1ron megtekintett\u00fck M\u00e1ty\u00e1s kir\u00e1ly eml\u00e9km\u0171v\u00e9t \u00e9s sz\u00fcl\u0151h\u00e1z\u00e1t. Ut\u00f3bbi helysz\u00ednen koszor\u00fat is elhelyezt\u00fcnk azt\u00e1n a Szent Mih\u00e1ly-templom monument\u00e1lis bels\u0151 ter\u00e9ben gy\u00f6ny\u00f6rk\u00f6dt\u00fcnk, \u00e9s egy r\u00f6vid ima erej\u00e9ig elcsendesedt\u00fcnk.<\/p>\n\n\n\n<p class=\"wp-block-paragraph\">A nap legl\u00e9legzetel\u00e1ll\u00edt\u00f3bb pillanata azonban m\u00e9g csak ezut\u00e1n k\u00f6vetkezett: Torock\u00f3 \u00e9s a Sz\u00e9kelyk\u0151. A h\u00f3feh\u00e9r h\u00e1zak, a hangulatos utc\u00e1k \u00e9s a fens\u00e9ges hegyvonulatok l\u00e1tv\u00e1nya szinte azonnal elvar\u00e1zsolt benn\u00fcnket.<\/p>\n\n\n\n<p class=\"wp-block-paragraph\">A m\u00e1sodik napon sz\u00f3 szerint m\u00e9lyre mer\u00fclt\u00fcnk. A Tordai-s\u00f3b\u00e1ny\u00e1ban v\u00e9gtelennek t\u0171n\u0151 l\u00e9pcs\u0151sorokon ereszkedt\u00fcnk lefel\u00e9, de a l\u00e1tv\u00e1ny minden f\u00e1rads\u00e1got meg\u00e9rt. Olyan \u00e9rz\u00e9s\u00fcnk volt, mintha egy m\u00e1sik vil\u00e1gba cs\u00f6ppent\u00fcnk volna: s\u00f3fal, f\u00e9ny \u00e9s k\u00fcl\u00f6nleges akusztika teremtett eg\u00e9szen egyedi hangulatot.<\/p>\n\n\n\n<p class=\"wp-block-paragraph\">A s\u00f3b\u00e1nyai \u00e9lm\u00e9nyek ut\u00e1n meg\u00e1lltunk a fazekass\u00e1g\u00e1r\u00f3l h\u00edres Korondon, ahol megh\u00f3d\u00edtottuk a baz\u00e1rsort, majd Farkaslak\u00e1n megkoszor\u00faztuk Tam\u00e1si \u00c1ron s\u00edreml\u00e9k\u00e9t. Innen Szejkef\u00fcrd\u0151re vezetett utunk, ahol tizenkilenc sz\u00e1zadi sz\u00e9kelykapukon \u00e1thaladva jutottunk el Orb\u00e1n Bal\u00e1zs s\u00edrj\u00e1hoz.<\/p>\n\n\n\n<p class=\"wp-block-paragraph\">A harmadik nap is b\u0151velkedett eml\u00e9kezetes pillanatokban. K\u00f6z\u00f6sen im\u00e1dkoztunk \u00e9s \u00e9nekelt\u00fcnk a cs\u00edksomly\u00f3i kegytemplomban, meg\u00e9rintett\u00fck a Sz\u0171z M\u00e1ria-szobrot. Ezt k\u00f6vet\u0151en a B\u00e9k\u00e1s-szoroshoz \u00e9rt\u00fcnk, ahol a 250\u2013300 m\u00e9ter magas, szinte f\u00fcgg\u0151leges sziklafalak k\u00f6z\u00f6tt s\u00e9t\u00e1lhattunk. A Gyilkos-t\u00f3 nyugodt, b\u00e9k\u00e9s hangulata mindannyiunkra j\u00f3 hat\u00e1ssal volt.<\/p>\n\n\n\n<p class=\"wp-block-paragraph\">A boboz\u00e1st k\u00f6vet\u0151en Szany testv\u00e9rtelep\u00fcl\u00e9s\u00e9re, Gyergy\u00f3alfalura l\u00e1togattunk. A S\u00f6v\u00e9r Elek Szakk\u00f6z\u00e9piskola hetedikesei bemutatt\u00e1k nek\u00fcnk iskol\u00e1jukat, mi pedig bemutattuk a szanyi int\u00e9zm\u00e9nyt. Az ismerked\u0151 j\u00e1t\u00e9kok \u00e9s az iskola bej\u00e1r\u00e1sa ut\u00e1n k\u00f6vetkezhetett a szanyi \u00e9s az erd\u00e9lyi hetedikesek focim\u00e9rk\u0151z\u00e9se.<\/p>\n\n\n\n<p class=\"wp-block-paragraph\">K\u00f6sz\u00f6nj\u00fck a sz\u00edv\u00e9lyes fogadtat\u00e1st az iskola vezet\u0151s\u00e9g\u00e9nek, tan\u00e1rainak \u00e9s di\u00e1kjainak.<\/p>\n\n\n\n<p class=\"wp-block-paragraph\">A negyedik napon szinte az \u00e9gig emelkedt\u00fcnk. A sz\u00e9kelyek szent hegy\u00e9re, a Madarasi Hargit\u00e1ra egy darabig traktorral kapaszkodtunk fel, k\u00f6zel negyvenperces t\u00fara ut\u00e1n \u00e9rt\u00fck el az 1801 m\u00e9teres cs\u00facsot. Kopjaf\u00e1k, keresztek \u00e9s l\u00e9legzetel\u00e1ll\u00edt\u00f3 panor\u00e1ma fogadott benn\u00fcnket.<\/p>\n\n\n\n<p class=\"wp-block-paragraph\">A nap levezet\u00e9sek\u00e9nt Zetelak\u00e1n megl\u00e1togattuk a GAZSI Manufakt\u00far\u00e1t. Kedves kalauzaink, G\u00e1sp\u00e1r Hajnal \u00e9s G\u00e1sp\u00e1r Istv\u00e1n beavattak benn\u00fcnket a gy\u00f3gyn\u00f6v\u00e9nyek vil\u00e1g\u00e1ba, mik\u00f6zben finom te\u00e1val \u00e9s h\u00e1zi r\u00e9patort\u00e1val is megvend\u00e9geltek minket.<\/p>\n\n\n\n<p class=\"wp-block-paragraph\">A vend\u00e9gszeretet azonban itt m\u00e9g nem \u00e9rt v\u00e9get, hiszen egyik tanul\u00f3nk nagymam\u00e1ja Zetev\u00e1ralj\u00e1n sz\u00e1mos finoms\u00e1ggal v\u00e1rta a csoportot.<\/p>\n\n\n\n<p class=\"wp-block-paragraph\">Az \u00f6t\u00f6dik napon Sz\u00e9kelykereszt\u00faron k\u00f6z\u00f6sen szavaltuk az Egy gondolat b\u00e1nt engemet c\u00edm\u0171 verset Pet\u0151fi S\u00e1ndor k\u00f6rtef\u00e1j\u00e1n\u00e1l. A mind\u00f6ssze huszonhat \u00e9vet \u00e9lt k\u00f6lt\u0151 utols\u00f3 est\u00e9j\u00e9t a Gy\u00e1rf\u00e1s-k\u00faria kertj\u00e9ben, e fa \u00e1rny\u00e9k\u00e1ban t\u00f6lt\u00f6tte, majd m\u00e1snap \u00fatnak indult a harcba, ahonnan t\u00f6bb\u00e9 nem t\u00e9rt vissza.<\/p>\n\n\n\n<p class=\"wp-block-paragraph\">Innen Segesv\u00e1rra utaztunk, ahol megl\u00e1togattuk Boldog Apor Vilmos p\u00fcsp\u00f6k sz\u00fcl\u0151h\u00e1z\u00e1t, \u00e9s v\u00e1rosn\u00e9z\u00e9sre is jutott id\u0151. A csernakereszt\u00fari sz\u00e1ll\u00e1sunkon elfogyasztott vacsora ut\u00e1n Nisztor Istv\u00e1n tulajdonos tartott \u00e9rdekes el\u0151ad\u00e1st a sz\u00e9kelyek t\u00f6rt\u00e9net\u00e9r\u0151l \u00e9s hagyom\u00e1nyair\u00f3l.<\/p>\n\n\n\n<p class=\"wp-block-paragraph\">A tartalmas besz\u00e9lget\u00e9st k\u00f6vet\u0151en a hetedikesek energi\u00e1ja m\u00e9g kor\u00e1ntsem fogyott el: a k\u00f6zel sz\u00e1zh\u00fasz perces fociz\u00e1s sor\u00e1n a helyi rom\u00e1n fiatalokkal is \u00f6sszem\u00e9rhett\u00e9k tud\u00e1sukat.<\/p>\n\n\n\n<p class=\"wp-block-paragraph\">Az utols\u00f3 nap reggel\u00e9n m\u00e1r mindenki izgatottan v\u00e1rta a haza\u00e9rkez\u00e9st. Reggeli ut\u00e1n m\u00e9g megtekintett\u00fck a k\u00f6z\u00e9pkori eredet\u0171 Vajdahunyad v\u00e1r\u00e1t, majd kezdet\u00e9t vette a hossz\u00fa hazautaz\u00e1s.<\/p>\n\n\n\n<p class=\"wp-block-paragraph\">\u00c9lm\u00e9nyekkel, eml\u00e9kekkel \u00e9s h\u00e1l\u00e1val a sz\u00edv\u00fcnkben \u00e9rkezt\u00fcnk haza szombat este.<\/p>\n\n\n\n<p class=\"wp-block-paragraph\">A kir\u00e1ndul\u00e1s Magyarorsz\u00e1g Korm\u00e1ny\u00e1nak t\u00e1mogat\u00e1s\u00e1val val\u00f3sult meg.<\/p>\n\n\n\nngg_shortcode_0_placeholder\n\n\n\n<p class=\"has-large-font-size wp-block-paragraph\"><strong>2025.<\/strong><\/p>\n\n\n\n<p class=\"wp-block-paragraph\">Hat\u00e1rtalanul Horv\u00e1torsz\u00e1gban \u2013 7.oszt\u00e1lyosainkkal a nagyvil\u00e1gban!<\/p>\n\n\n\n<p class=\"wp-block-paragraph\">1.nap Felkerest\u00fck Esz\u00e9k \u00d3v\u00e1ros\u00e1t \u00e9s annak f\u0151ter\u00e9t. A Ferences rendiek udvar\u00e1ban megtekintett\u00fck a Krisztus fesz\u00fcletet. Szent P\u00e9ter \u00e9s P\u00e1l Nagy templomban h\u00e1l\u00e1t adtunk a meg\u00e9rkez\u00e9s\u00fcnk\u00e9rt. Kop\u00e1csi R\u00e9t Nemzeti Parkban megcsod\u00e1ltuk az \u00e9l\u0151vil\u00e1got. V\u00e9g\u00fcl meg\u00e9rkez\u00fcnk a sz\u00e1ll\u00e1sunkra P\u00e9lmonostorra.<\/p>\n\n\n\n<p class=\"wp-block-paragraph\">&nbsp;2.nap A reggeli \u00f3r\u00e1kban V\u00f6r\u00f6smart telep\u00fcl\u00e9sen a helyi \u00e1ltal\u00e1nos iskola tanul\u00f3ival tal\u00e1lkoz\u00e1s keret\u00e9n bel\u00fcl megtekintett\u00fck az iskol\u00e1t ,\u00e9s a t\u00e1ncos m\u0171sorukat. Fels\u00e9t\u00e1ltunk a katolikus pincesorra, ahol egy helyi sz\u0151l\u0151sgazda bemutatta a r\u00e9gi sz\u0151l\u0151m\u0171vel\u00e9s \u00e9s bork\u00e9sz\u00edt\u00e9s eszk\u00f6zeit. Bodzasz\u00f6rppel \u00e9s friss pog\u00e1cs\u00e1val vend\u00e9geltek meg Benn\u00fcnket. B\u00facs\u00faz\u00f3ul k\u00f6z\u00f6sen el\u00e9nekelt\u00fck a magyar himnuszt. Ell\u00e1togatunk Ovcsar\u00e1ra, az eml\u00e9khelyre. Majd az \u00fajlaki v\u00e1rhoz \u00e9s templomhoz vezetett az utunk, ahol megtekintett\u00fck. Kapisztr\u00e1n Szent J\u00e1nos erekly\u00e9it a templomban. Vukov\u00e1rra \u00e9rve bement\u00fcnk az eml\u00e9kparkba, ahol h\u00e1bor\u00fas eszk\u00f6z\u00f6k voltak ki\u00e1ll\u00edtva. Visszafele Szentl\u00e1szl\u00f3 faluban megkoszor\u00faztuk a d\u00e9lszl\u00e1v h\u00e1bor\u00faban elesett h\u0151s\u00f6k eml\u00e9km\u0171v\u00e9t. Esti \u00f3r\u00e1kban \u00e9rkezt\u00fcnk a sz\u00e1ll\u00e1sra.&nbsp;<\/p>\n\n\n\n<p class=\"wp-block-paragraph\">3.nap V\u00e1rosn\u00e9z\u0151 s\u00e9t\u00e1t tett\u00fcnk Z\u00e1gr\u00e1bba. Els\u0151 \u00e1llom\u00e1s Liszt Ferenc Int\u00e9zet volt. Megcsod\u00e1ltuk a K\u00e1ptalandombon a Nagyboldogasszony Sz\u00e9kesegyh\u00e1zat.&nbsp; \u00c1t s\u00e9t\u00e1ltunk a Jellasics-t\u00e9rre \u00e9s megn\u00e9zz\u00fck a Jellasics lovas szobrot a f\u0151t\u00e9ren, majd a dombon fels\u00e9t\u00e1lva a Szent M\u00e1rk-t\u00e9rre \u00e9rt\u00fcnk. D\u00e9lut\u00e1ni \u00f3r\u00e1kban tov\u00e1bb utaztunk Sodicibe.<\/p>\n\n\n\n<p class=\"wp-block-paragraph\">&nbsp;4.nap Fium\u00e9ben felkerest\u00fck a magyar t\u00f6rt\u00e9nelmi m\u00falt eml\u00e9khelyeit. K\u00f6rbe s\u00e9t\u00e1ltuk a korm\u00e1nyz\u00f3i palot\u00e1t, amelyet ifj. Batthy\u00e1ny Lajos korm\u00e1nyz\u00f3 \u00e9p\u00edttetett 1896-ban.Ut\u00e1na a kik\u00f6t\u0151be vitt \u00fatunk ahol megkoszor\u00faztuk Baross G\u00e1bor eml\u00e9kt\u00e1bl\u00e1j\u00e1t. Tett\u00fcnk egy s\u00e9t\u00e1t, \u00e9s felfedezt\u00fck a magyar felirat\u00fa kik\u00f6t\u0151 b\u00f3j\u00e1kat. Abb\u00e1zi\u00e1ban Markusovszky Lajos t\u00e1bl\u00e1j\u00e1t a Hotel Bellevue sz\u00e1llod\u00e1nak fal\u00e1n l\u00e1thatjuk, ahol szint\u00e9n koszor\u00faval eml\u00e9kezt\u00fcnk meg. Tov\u00e1bb haladva a Villa Jeanette oldal\u00e1n eml\u00e9kt\u00e1bl\u00e1n\u00e1l&nbsp; M\u00f3ra Ferencr\u0151l eml\u00e9kezt\u00fcnk meg.<\/p>\n\n\n\n<p class=\"wp-block-paragraph\">&nbsp;5.nap Hazafel\u00e9 indultunk \u00e9s r\u00f6vid kit\u00e9r\u0151t tett\u00fcnk Horv\u00e1torsz\u00e1g legszebb barokk v\u00e1ros\u00e1ba Varazsdon. K\u00f6vetkez\u0151 meg\u00e1ll\u00f3nk Cs\u00e1ktorny\u00e1n volt, ahol Zr\u00ednyi Mikl\u00f3s \u00e9lt \u00e9s ott \u00edrta meg Szigeti Veszedelem c\u00edm\u0171 m\u0171v\u00e9t. A v\u00e1r udvarban egy kis pihen\u0151t tett\u00fcnk \u00e9s fejet hajtottunk Zr\u00ednyi Mikl\u00f3s hal\u00e1l\u00e1t jelz\u0151 obeliszk el\u0151tt.<\/p>\n\n\n\n<p class=\"wp-block-paragraph\">A kir\u00e1ndul\u00e1s megval\u00f3sult Magyarorsz\u00e1g Korm\u00e1ny\u00e1nak t\u00e1mogat\u00e1s\u00e1val<\/p>\n\n\n\n<p class=\"wp-block-paragraph\">Rengetek \u00faj \u00e9lm\u00e9nnyel, tud\u00e1ssal \u00e9s bar\u00e1ts\u00e1ggal gazdagodtunk ezen a hat\u00e1rokon \u00e1t\u00edvel\u0151 utaz\u00e1son.<\/p>\n\n\n\n<p class=\"wp-block-paragraph\">H\u00e1l\u00e1san k\u00f6sz\u00f6nj\u00fck mindenkinek, aki hozz\u00e1j\u00e1rult ahhoz, hogy ez az \u00fat ilyen k\u00fcl\u00f6nleges legyen.<a><\/a><\/p>\n\n\n\n<figure class=\"wp-block-embed is-type-video is-provider-youtube wp-block-embed-youtube wp-embed-aspect-16-9 wp-has-aspect-ratio\"><div class=\"wp-block-embed__wrapper\">\n<iframe loading=\"lazy\" title=\"Hat\u00e1rtalanul 2025 - Szent Anna Katolikus \u00c1ltal\u00e1nos Iskola \u00e9s \u00d3voda Szany\" width=\"500\" height=\"281\" src=\"https:\/\/www.youtube.com\/embed\/ixdPYgA0FBk?feature=oembed\" frameborder=\"0\" allow=\"accelerometer; autoplay; clipboard-write; encrypted-media; gyroscope; picture-in-picture; web-share\" referrerpolicy=\"strict-origin-when-cross-origin\" allowfullscreen><\/iframe>\n<\/div><\/figure>\n\n\n\n<figure class=\"wp-block-image size-medium is-resized\"><img loading=\"lazy\" decoding=\"async\" width=\"300\" height=\"294\" src=\"https:\/\/szentannaszany.hu\/wp-content\/uploads\/Bethlen-Gabor-alap-300x294.png\" alt=\"\" class=\"wp-image-479\" style=\"width:599px;height:auto\" srcset=\"https:\/\/szentannaszany.hu\/wp-content\/uploads\/Bethlen-Gabor-alap-300x294.png 300w, https:\/\/szentannaszany.hu\/wp-content\/uploads\/Bethlen-Gabor-alap.png 618w\" sizes=\"auto, (max-width: 300px) 100vw, 300px\" \/><\/figure>\n\n\n\n<figure class=\"wp-block-image size-large\"><img loading=\"lazy\" decoding=\"async\" width=\"1024\" height=\"910\" src=\"https:\/\/szentannaszany.hu\/wp-content\/uploads\/Megvalosult-a-magyar-kormany-1024x910.jpg\" alt=\"\" class=\"wp-image-481\" srcset=\"https:\/\/szentannaszany.hu\/wp-content\/uploads\/Megvalosult-a-magyar-kormany-1024x910.jpg 1024w, https:\/\/szentannaszany.hu\/wp-content\/uploads\/Megvalosult-a-magyar-kormany-300x267.jpg 300w, https:\/\/szentannaszany.hu\/wp-content\/uploads\/Megvalosult-a-magyar-kormany-768x682.jpg 768w, https:\/\/szentannaszany.hu\/wp-content\/uploads\/Megvalosult-a-magyar-kormany.jpg 1500w\" sizes=\"auto, (max-width: 1024px) 100vw, 1024px\" \/><\/figure>\n\n\n\n<p class=\"has-large-font-size wp-block-paragraph\"><strong>2024.<\/strong><\/p>\n\n\n\n<p class=\"wp-block-paragraph\">Iskol\u00e1nk hetedikes di\u00e1kjai \u00e9s oszt\u00e1lyf\u0151n\u00f6keik a Hat\u00e1rtalanul program keret\u00e9ben a Felvid\u00e9kre l\u00e1togattak m\u00e1jus utols\u00f3 het\u00e9ben. N\u00e9gy napot t\u00f6lthett\u00fcnk el ezen a csod\u00e1s vid\u00e9ken, ahol mindenki szeretettel \u00e9s \u00f6r\u00f6mmel fogadott benn\u00fcnket.<\/p>\n\n\n\n<p class=\"wp-block-paragraph\">Els\u0151 nap a d\u00e9v\u00e9nyi v\u00e1r romjain\u00e1l kezdt\u00fck utunkat, majd pozsonyi v\u00e1rosn\u00e9z\u00e9s k\u00f6vetkezett Korp\u00e1s \u00c1rp\u00e1d idegenvezet\u0151vel, aki megmutatta nek\u00fcnk a f\u0151v\u00e1ros nevezetess\u00e9geit, \u00e9rdekes olykor vicces t\u00f6rt\u00e9neteket mes\u00e9lt. A k\u00e9t\u00f3r\u00e1s s\u00e9ta ut\u00e1n folytattuk utaz\u00e1sunkat Dunaszerdahelyre. Itt m\u00e1r v\u00e1rtak benn\u00fcnket a Mol Ar\u00e9na melletti focip\u00e1ly\u00e1n a Szent J\u00e1nos Apostol Egyh\u00e1zi Alapiskola di\u00e1kjai, akikkel bar\u00e1ts\u00e1gos m\u00e9rk\u0151z\u00e9st j\u00e1tszottak a fi\u00fak.&nbsp; A meccset k\u00f6vet\u0151en Karaffa Attila alpolg\u00e1rmester \u00far megmutatta a hatalmas \u00e9s gy\u00f6ny\u00f6r\u0171 stadiont, majd a Trianon kopjaf\u00e1n\u00e1l mes\u00e9lt nek\u00fcnk a v\u00e1ros m\u00faltj\u00e1r\u00f3l \u00e9s jelen\u00e9r\u0151l. \u00cdgy mi is k\u00f6zelebb ker\u00fclhett\u00fcnk hat\u00e1ron t\u00fali testv\u00e9reinkhez, jobban meg\u00e9rthett\u00fck, mit jelent felvid\u00e9ki magyarnak lenni. Ez\u00faton k\u00f6sz\u00f6nj\u00fck N\u00e9meth J\u00f3zsef seg\u00edts\u00e9g\u00e9t is, aki lehet\u0151v\u00e9 tette ezt a tal\u00e1lkoz\u00e1st az alpolg\u00e1rmester \u00farral! Neki pedig k\u00f6sz\u00f6nj\u00fck a sz\u00edves vend\u00e9gl\u00e1t\u00e1st! Sz\u00e1ll\u00e1sunk Dunaszerdahelyen a Szab\u00f3 Gyula Szakk\u00f6z\u00e9piskola koll\u00e9gium\u00e1ban volt, ahol szint\u00e9n nagyon kedvesen fogadtak benn\u00fcnket.<\/p>\n\n\n\n<p class=\"wp-block-paragraph\">M\u00e1sodik nap d\u00e9lel\u0151tt megl\u00e1togattuk a Kort\u00e1rs Magyar Gal\u00e9ri\u00e1t, ahol egy fot\u00f3ki\u00e1ll\u00edt\u00e1st tekinthett\u00fcnk meg. Innen a v\u00e1rosh\u00e1z\u00e1ra ment\u00fcnk, Karaffa Attila ism\u00e9t fogadott benn\u00fcnket \u00e9s megmutatta, hogyan zajlik az \u00e9let n\u00e1luk. A nap k\u00f6vetkez\u0151 \u00e1llom\u00e1sa N\u00e1dszeg volt, itt egy helyi csal\u00e1di v\u00e1llalkoz\u00e1st a Cip\u00f3k p\u00e9ks\u00e9get l\u00e1togattuk meg. Bartalos G\u00e1bor \u00e9s \u00e9desanyja k\u00f6z\u00f6sen vezetik a p\u00e9ks\u00e9get, ahol fat\u00fczel\u00e9s\u0171 kemenc\u00e9ben s\u00fctik a finom kenyeret. Vend\u00e9g\u00fcl is l\u00e1ttak benn\u00fcnket egy k\u00f3stol\u00f3ra, k\u00f6zben elmes\u00e9lt\u00e9k mindennapjaikat, a v\u00e1llalkoz\u00f3kedv\u0171 fiatalok pedig kipr\u00f3b\u00e1lhatt\u00e1k a keny\u00e9r behelyez\u00e9s\u00e9t a kemenc\u00e9be. G\u00fat\u00e1n a v\u00edzimalmot n\u00e9zt\u00fck meg, \u00e1tkelt\u00fcnk a f\u00e1b\u00f3l k\u00e9sz\u00fclt h\u00eddon, majd Szim\u0151n megkoszor\u00faztuk Jedlik \u00c1nyos szobr\u00e1t (itt sz\u00fcletett a fizikus). \u00c9rsek\u00fajv\u00e1ron a belv\u00e1rosban s\u00e9t\u00e1ltunk, bet\u00e9rt\u00fcnk egy im\u00e1ra a Szent Kereszt templomba. Utunkat folytattuk Als\u00f3bodok fel\u00e9, ahol a k\u00f6vetkez\u0151 k\u00e9t \u00e9jszaka a sz\u00e1ll\u00e1sunk volt. Egy gy\u00f6ny\u00f6r\u0171 birtokra \u00e9rkezt\u00fcnk, ami most az Esterh\u00e1zy J\u00e1nos Zar\u00e1ndokk\u00f6zponthoz tartozik.<\/p>\n\n\n\n<p class=\"wp-block-paragraph\">Harmadik napon megtekintett\u00fck a zar\u00e1ndokk\u00f6zpontot, amit a Felvid\u00e9k Cs\u00edksomly\u00f3jak\u00e9nt emlegetnek. Az int\u00e9zm\u00e9ny munkat\u00e1rsa elmes\u00e9lte nek\u00fcnk Esterh\u00e1zy J\u00e1nos \u00e9let\u00e9nek t\u00f6rt\u00e9net\u00e9t, aki v\u00e9rtan\u00fahal\u00e1lt halt, mert ki\u00e1llt magyars\u00e1ga mellett. A k\u00e1lv\u00e1ria mellett elhaladva csod\u00e1latos panor\u00e1ma t\u00e1rult el\u00e9nk, a n\u00e9pdalb\u00f3l ismert csit\u00e1ri hegyekre l\u00e1thattunk. A k\u00e1poln\u00e1ban k\u00f6z\u00f6sen im\u00e1dkozhattunk. A helyet elhagyva hosszabb \u00fatra indultunk, Bajm\u00f3c var\u00e1zslatos kast\u00e9lya volt a c\u00e9l. Ez volt utunk egyetlen olyan \u00e1llom\u00e1sa, ahol nem besz\u00e9ltek magyarul (egy egykor magyar v\u00e1rban, a falon h\u00edrek magyarok k\u00e9peivel). V\u00e9gigs\u00e9t\u00e1lhattunk a v\u00e1ron, s magyar nyelv\u0171 le\u00edr\u00e1snak k\u00f6sz\u00f6nhet\u0151en megismert\u00fck a v\u00e1r t\u00f6rt\u00e9net\u00e9t. A t\u00fara a kast\u00e9ly alatt h\u00faz\u00f3d\u00f3 cseppk\u0151barlangban \u00e9rt v\u00e9get. Innen ki\u00e9rve viszont a fekete felh\u0151k, a k\u00e9sz\u00fcl\u0151d\u0151 vihar hangjai megakad\u00e1lyoztak benn\u00fcnket abban, hogy m\u00e9g s\u00e9t\u00e1ljunk a v\u00e1rosban, \u00edgy indultunk tov\u00e1bb Selmecb\u00e1nya fel\u00e9. A b\u00e1nyav\u00e1rosba szerpentin vezetett. A belv\u00e1rosba \u00e9rve a t\u00f6rt\u00e9nelmi \u00e9p\u00fcletek k\u00f6z\u00f6tt s\u00e9t\u00e1lva megkerest\u00fck a h\u00edres selmecb\u00e1nyai Evang\u00e9likus L\u00edceum \u00e9p\u00fclet\u00e9t, ahol k\u00e9t h\u00edres irodalmi alaki Pet\u0151fi S\u00e1ndor \u00e9s Miksz\u00e1th K\u00e1lm\u00e1n is tanult. A nap \u00e9rdekess\u00e9ge, hogy d\u00e9lel\u0151tt helyezt\u00e9k el az \u00e9p\u00fcleten Miksz\u00e1th eml\u00e9kt\u00e1bl\u00e1j\u00e1t, amit \u00edgy lehet\u0151s\u00e9g\u00fcnk ny\u00edlt megkoszor\u00fazni. Az id\u0151 r\u00f6vids\u00e9ge miatt azonban a z\u00f3lyomi kir\u00e1ndul\u00e1s m\u00e1r nem f\u00e9rt bele, ez\u00e9rt indultunk vissza a sz\u00e1ll\u00e1sra. \u00dajabb egy \u00f3r\u00e1s \u00fat k\u00f6vetkezett a fest\u0151i hegyek k\u00f6z\u00f6tti kis kanyarg\u00f3s \u00faton, ahol egy patak csordog\u00e1lt mellett\u00fcnk. A Paulisz csal\u00e1d, akik a sz\u00e1ll\u00e1sad\u00f3ink voltak, nagyon kedvesen fogadtak benn\u00fcnket, finom vacsor\u00e1kat \u00e9s reggeliket fogyaszthattunk el n\u00e1lunk gy\u00f6ny\u00f6r\u0171 k\u00f6rnyezetben. Est\u00e9nk\u00e9nt a gyerekek a k\u00f6rny\u00e9ken s\u00e9t\u00e1lhattak, b\u00faj\u00f3csk\u00e1ztak, fociztak, besz\u00e9lgettek. A napr\u00f3l este egy kis f\u00fczetbe \u00e9lm\u00e9nybesz\u00e1mol\u00f3t \u00edrtak.<\/p>\n\n\n\n<p class=\"wp-block-paragraph\">Utols\u00f3, negyedik napunk reggel\u00e9n m\u00e1r borult volt az id\u0151. A szemerk\u00e9l\u0151 es\u0151 miatt L\u00e9v\u00e1ra nem ment\u00fcnk, \u00c9rsek\u00fajv\u00e1ron \u00e1lltunk meg kicsit szuven\u00edreket v\u00e1s\u00e1rolni, majd Marcelh\u00e1z\u00e1ra utaztunk, ahol nagy szeretettel fogadtak benn\u00fcnket a Magyar Tan\u00edt\u00e1si Nyelv\u0171 Alapiskol\u00e1ban. Igazgat\u00f3 \u00far \u00fcdv\u00f6z\u00f6lt benn\u00fcnket kal\u00e1ccsal, k\u00f6rbe vezettek benn\u00fcnket az iskola \u00e9p\u00fcleteiben, majd sportolhattak a di\u00e1kok a helyi hetedikesekkel. A fi\u00faknak foci volt, a l\u00e1nyoknak labdaj\u00e1t\u00e9kok. Az id\u0151j\u00e1r\u00e1s nem kedvezett nek\u00fcnk, bent kellett folytatni a meccset a lez\u00fadul\u00f3 es\u0151 miatt. Hazafel\u00e9 Korm\u00e1non kereszt\u00fck j\u00f6tt\u00fcnk, megn\u00e9zt\u00fck a belv\u00e1rost a buszb\u00f3l \u00e9s a d\u00e9lut\u00e1ni \u00f3r\u00e1kban \u00e9rkezt\u00fcnk haza.<\/p>\n\n\n\n<p class=\"wp-block-paragraph\">Az utaz\u00e1s hatalmas \u00e9lm\u00e9ny volt mindannyiunk sz\u00e1m\u00e1ra, sokat tanultunk a magyar t\u00f6rt\u00e9nelemr\u0151l, megismerhett\u00fck hat\u00e1ron t\u00fali magyar testv\u00e9reink \u00e9let\u00e9t. J\u00e1rtunk az irodalom, t\u00f6rt\u00e9nelem \u00f3r\u00e1kon tanult helysz\u00edneken. Mindenhol szeretet \u00e9s kedvess\u00e9g vett benn\u00fcnket k\u00f6rbe \u00e9s ezzel felejthetetlen eml\u00e9k lesz sz\u00e1munkra ez a p\u00e1r nap!<\/p>\n\n\n\n<figure class=\"wp-block-embed is-type-video is-provider-youtube wp-block-embed-youtube wp-embed-aspect-16-9 wp-has-aspect-ratio\"><div class=\"wp-block-embed__wrapper\">\n<iframe loading=\"lazy\" title=\"Hat\u00e1rtalanul 2024 Szent Anna Katolikus \u00c1ltal\u00e1nos Iskola \u00e9s \u00d3voda\" width=\"500\" height=\"281\" src=\"https:\/\/www.youtube.com\/embed\/ulxCOvRhDSM?feature=oembed\" frameborder=\"0\" allow=\"accelerometer; autoplay; clipboard-write; encrypted-media; gyroscope; picture-in-picture; web-share\" referrerpolicy=\"strict-origin-when-cross-origin\" allowfullscreen><\/iframe>\n<\/div><\/figure>\n\n\n\n<p class=\"wp-block-paragraph\"><\/p>\n\n\n\n<p class=\"has-large-font-size wp-block-paragraph\"><strong>2023.<\/strong><\/p>\n\n\n\n<p class=\"wp-block-paragraph\">Iskol\u00e1nk 23 hetedikes tanul\u00f3ja a Bethlen G\u00e1bor Alapkezel\u0151 Zrt &#8211; Hat\u00e1rtalanul p\u00e1ly\u00e1zati Program keret\u00e9ben 5 \u00e9lm\u00e9nyekben gazdag napot t\u00f6lt\u00f6tt Erd\u00e9lyben.<\/p>\n\n\n\n<p class=\"wp-block-paragraph\">Utaz\u00e1suk els\u0151 napj\u00e1n megtekintett\u00fck Kolozsv\u00e1ron M\u00e1ty\u00e1s kir\u00e1ly sz\u00fcl\u0151h\u00e1z\u00e1t, a Szent Mih\u00e1ly templomot, M\u00e1ty\u00e1s kir\u00e1ly lovasszobr\u00e1t \u00e9s az Ortodox katedr\u00e1list. A Szent Mih\u00e1ly templomban k\u00f6z\u00f6sen im\u00e1dkoztunk, majd folytattuk utunkatTorock\u00f3ra, ahol a Sz\u00e9kelyk\u0151 l\u00e1b\u00e1n\u00e1l elfoglaltuk sz\u00e1ll\u00e1sunkat \u00e9s vacsora ut\u00e1n k\u00f6r\u00fcln\u00e9zt\u00fcnk a telep\u00fcl\u00e9sen. <a><\/a>Sz\u00e1ll\u00e1sunkon \u00e1tbesz\u00e9lt\u00fck a nap t\u00f6rt\u00e9n\u00e9seit az \u00fatinapl\u00f3k seg\u00edts\u00e9g\u00e9vel, s j\u00e1t\u00e9kos kv\u00edz form\u00e1j\u00e1ban feleleven\u00edtett\u00fcnk ismereteinket M\u00e1ty\u00e1s kir\u00e1lyr\u00f3l. Ut\u00e1naj\u00e1rtunk a Sz\u00e9kelyk\u0151 mond\u00e1j\u00e1nak, s a legakt\u00edvabb &#8222;kv\u00edzmestereink&#8221; jutalomban r\u00e9szes\u00fcltek.<\/p>\n\n\n\n<p class=\"wp-block-paragraph\">Utaz\u00e1sunk m\u00e1sodik napj\u00e1n ell\u00e1togattunk a Tordai s\u00f3b\u00e1ny\u00e1ba, \u00fatk\u00f6zben meg\u00e1lltunk Korondon, ahol mindenki hozz\u00e1juthatott a sz\u00e9kely fazekasm\u0171v\u00e9szet alkot\u00e1saihoz. Farkaslak\u00e1n megkoszor\u00faztuk a legnagyobb sz\u00e9kely \u00edr\u00f3, Tam\u00e1si \u00c1ron s\u00edrj\u00e1t \u00e9s egyik reg\u00e9ny\u00e9b\u0151l r\u00f6vid r\u00e9szletet felolvasva eml\u00e9kezt\u00fcnk r\u00e1. A Trianon eml\u00e9km\u0171n\u00e9l r\u00f6vid m\u0171sor keret\u00e9ben megeml\u00e9kezt\u00fcnk a Nemzeti \u00d6sszetartoz\u00e1s napj\u00e1r\u00f3l. Utunk ezut\u00e1n Szejkef\u00fcrd\u0151re vezetett, ahol v\u00e9gigs\u00e9t\u00e1ltunk a sz\u00e9kelykapuk alatt, megkoszor\u00faztuk Orb\u00e1n Bal\u00e1zs s\u00edrj\u00e1t. Napunk v\u00e9g\u00e9n elfoglaltuk borzonti sz\u00e1ll\u00e1sunkat, majd egy \u00fatinapl\u00f3s besz\u00e1mol\u00f3 ut\u00e1n kiosztottuk a jutalmakat azoknak, akik a nap folyam\u00e1n el\u0151ad\u00e1st tartottak.<\/p>\n\n\n\n<p class=\"wp-block-paragraph\">A harmadik napon Szany testv\u00e9rtelep\u00fcl\u00e9s\u00e9n Gyergy\u00f3alfalun tal\u00e1lkoztunk a S\u00f6v\u00e9r Elek Szakk\u00f6z\u00e9piskola 7. \u00e9vfolyamos di\u00e1kjaival, ahol j\u00f3 hangulat\u00fa k\u00f6z\u00f6s \u00e9nekl\u00e9sen, t\u00e1nch\u00e1zon, focimeccsen vett\u00fcnk r\u00e9szt. H\u00e1l\u00e1san k\u00f6sz\u00f6nj\u00fck a kedves fogadtat\u00e1st az iskola vezet\u0151s\u00e9g\u00e9nek, tan\u00e1rainak, di\u00e1kjainak. \u00datunk a d\u00e9lut\u00e1n folyam\u00e1n a sziklafalak k\u00f6z\u00f6tt kanyarg\u00f3 B\u00e9k\u00e1s-szoroshoz \u00e9s a Gyilkos- t\u00f3hoz vezetett. Visszat\u00e9rve sz\u00e1ll\u00e1sunkra a vacsor\u00e1t k\u00f6vet\u0151en, n\u00e9mi j\u00e1t\u00e9kos feladat \u00e9s szabadprogram ut\u00e1n \u00e9rt\u00e9kelt\u00fck a nap esem\u00e9nyeit. Este sz\u00fclinapost is k\u00f6sz\u00f6nt\u00f6tt\u00fcnk.<\/p>\n\n\n\n<p class=\"wp-block-paragraph\">A negyedik napon sz\u00e1ll\u00e1sunkr\u00f3l a Cs\u00edksomly\u00f3i Sz\u0171zany\u00e1hoz vezetett utunk. \u00datk\u00f6zben meg\u00e1lltunk a mad\u00e9falvi veszedelem eml\u00e9km\u0171v\u00e9n\u00e9l, ahol egy tanul\u00f3nk r\u00f6viden \u00f6sszefoglalta az e helyen t\u00f6rt\u00e9nt esem\u00e9nyeket. K\u00f6vetkez\u0151 \u00e1llom\u00e1sunk a Cs\u00edksomly\u00f3i kegytemplom volt. A templomban k\u00f6z\u00f6sen \u00e9nekelt\u00fcnk, k\u00e9rt\u00fck a Sz\u0171zanya k\u00f6zbenj\u00e1r\u00e1s\u00e1t szeretteinkre \u00e9s a gyerekek im\u00e1ds\u00e1gaikat, rajzaikat elhelyezt\u00e9k a kegyszoborn\u00e1l. Segesv\u00e1ron megkoszor\u00faztuk Pet\u0151fi S\u00e1ndor eml\u00e9km\u0171v\u00e9t, tov\u00e1bb\u00e1 a belv\u00e1rosban Boldog Apor Vilmos p\u00fcsp\u00f6k sz\u00fcl\u0151h\u00e1z\u00e1t. Felment\u00fcnk a Di\u00e1kl\u00e9pcs\u0151n, megn\u00e9zt\u00fck az \u00d3ratornyot \u00e9s Drakula h\u00e1z\u00e1t. V\u00e9g\u00fcl elfoglaltuk sz\u00e1ll\u00e1sunkat Csernakereszt\u00faron, majd este \u00fatinapl\u00f3t k\u00e9sz\u00edtett\u00fcnk \u00e9s feleleven\u00edtett\u00fck a h\u00e9t esem\u00e9nyeit.<\/p>\n\n\n\n<p class=\"wp-block-paragraph\">Utaz\u00e1sunk utols\u00f3 napj\u00e1n megn\u00e9zt\u00fck Vajdahunyad v\u00e1r\u00e1t. Aradon megkoszor\u00faztuk az aradi tizenh\u00e1rom v\u00e9rtan\u00fa eml\u00e9km\u0171v\u00e9t, \u00e9s im\u00e1ds\u00e1gainkkal eml\u00e9kezt\u00fcnk h\u0151si halottainkra.<\/p>\n\n\n\n<p class=\"wp-block-paragraph\">Kir\u00e1ndul\u00e1sunk tartalmas \u00e9lm\u00e9nyekkel szolg\u00e1lt minden di\u00e1k \u00e9s k\u00eds\u00e9r\u0151 tan\u00e1r sz\u00e1m\u00e1ra.<\/p>\n\n\n\n<p class=\"wp-block-paragraph\">A kir\u00e1ndul\u00e1s megval\u00f3sult Magyarorsz\u00e1g Korm\u00e1ny\u00e1nak t\u00e1mogat\u00e1s\u00e1val<\/p>\n\n\n\n<p class=\"wp-block-paragraph\">Az al\u00e1bbi vide\u00f3ban tekinthet\u0151 meg utaz\u00e1sunkr\u00f3l k\u00e9sz\u00fclt besz\u00e1mol\u00f3nk.<\/p>\n\n\n\n<figure class=\"wp-block-embed is-type-video is-provider-youtube wp-block-embed-youtube wp-embed-aspect-16-9 wp-has-aspect-ratio\"><div class=\"wp-block-embed__wrapper\">\n<iframe loading=\"lazy\" title=\"Erd\u00e9ly 2023\" width=\"500\" height=\"281\" src=\"https:\/\/www.youtube.com\/embed\/D8Vabt8Htw8?feature=oembed\" frameborder=\"0\" allow=\"accelerometer; autoplay; clipboard-write; encrypted-media; gyroscope; picture-in-picture; web-share\" referrerpolicy=\"strict-origin-when-cross-origin\" allowfullscreen><\/iframe>\n<\/div><\/figure>\n\n\n\n<figure class=\"wp-block-image size-large\"><img loading=\"lazy\" decoding=\"async\" width=\"1024\" height=\"769\" src=\"https:\/\/szentannaszany.hu\/wp-content\/uploads\/2023\/09\/351183902_760054812534380_3059169935537015775_n-1024x769.jpg\" alt=\"\" class=\"wp-image-379\" srcset=\"https:\/\/szentannaszany.hu\/wp-content\/uploads\/2023\/09\/351183902_760054812534380_3059169935537015775_n-1024x769.jpg 1024w, https:\/\/szentannaszany.hu\/wp-content\/uploads\/2023\/09\/351183902_760054812534380_3059169935537015775_n-300x225.jpg 300w, https:\/\/szentannaszany.hu\/wp-content\/uploads\/2023\/09\/351183902_760054812534380_3059169935537015775_n-768x576.jpg 768w, https:\/\/szentannaszany.hu\/wp-content\/uploads\/2023\/09\/351183902_760054812534380_3059169935537015775_n-1536x1153.jpg 1536w, https:\/\/szentannaszany.hu\/wp-content\/uploads\/2023\/09\/351183902_760054812534380_3059169935537015775_n-678x509.jpg 678w, https:\/\/szentannaszany.hu\/wp-content\/uploads\/2023\/09\/351183902_760054812534380_3059169935537015775_n-326x245.jpg 326w, https:\/\/szentannaszany.hu\/wp-content\/uploads\/2023\/09\/351183902_760054812534380_3059169935537015775_n-80x60.jpg 80w, https:\/\/szentannaszany.hu\/wp-content\/uploads\/2023\/09\/351183902_760054812534380_3059169935537015775_n.jpg 2048w\" sizes=\"auto, (max-width: 1024px) 100vw, 1024px\" \/><\/figure>\n\n\n\n<p class=\"has-large-font-size wp-block-paragraph\"><strong>2022.<\/strong><\/p>\n\n\n\n<p class=\"has-medium-font-size wp-block-paragraph\"><strong>Besz\u00e1mol\u00f3 \u2013 Projektnapl\u00f3 a Bethlen G\u00e1bor Alapkezel\u0151 Zrt. &#8211; HAT\u00c1RTALANUL PROGRAM a HAT\/144\/2021 p\u00e1ly\u00e1zathoz<\/strong><\/p>\n\n\n\n<p class=\"wp-block-paragraph\"><strong>Kincskeres\u00e9s Erd\u00e9lyben \u2013 Kir\u00e1ndul\u00e1s Erd\u00e9ly term\u00e9szeti \u00e9s kultur\u00e1lis kincsei k\u00f6z\u00f6tt<\/strong><\/p>\n\n\n\n<p class=\"wp-block-paragraph\"><strong>Megval\u00f3sult Magyarorsz\u00e1g Korm\u00e1ny\u00e1nak t\u00e1mogat\u00e1s\u00e1val<\/strong><\/p>\n\n\n\n<p class=\"wp-block-paragraph\"><strong>Felk\u00e9sz\u00fcl\u00e9s<\/strong><\/p>\n\n\n\n<p class=\"wp-block-paragraph\">P\u00e1ly\u00e1zatunkat 2021 okt\u00f3ber\u00e9ben adtuk be azzal a c\u00e9llal, hogy Erd\u00e9ly term\u00e9szeti \u00e9s kultur\u00e1lis kincseit megtekinthess\u00fck, tov\u00e1bb\u00e1 telep\u00fcl\u00e9s\u00fcnk Szany testv\u00e9rtelep\u00fcl\u00e9s\u00e9n Gyergy\u00f3alfaluban l\u00e1togat\u00e1st tegy\u00fcnk \u00e9s az ottani iskol\u00e1val megismerkedhess\u00fcnk. A p\u00e1ly\u00e1zat sikeress\u00e9g\u00e9r\u0151l 2021. december els\u0151 het\u00e9ben kaptunk t\u00e1j\u00e9koztat\u00e1st.<\/p>\n\n\n\n<p class=\"wp-block-paragraph\"><strong>\u00datinapl\u00f3<\/strong><\/p>\n\n\n\n<p class=\"wp-block-paragraph\">Iskol\u00e1nk 38 tanul\u00f3ja a Hat\u00e1rtalanul p\u00e1ly\u00e1zati Program keret\u00e9ben 5 felejthetetlen napot t\u00f6lthetett Erd\u00e9lyben 2022. j\u00fanius 27-t\u0151l j\u00falius 1-ig. P\u00e1ly\u00e1zatunk Kincskeres\u00e9s Erd\u00e9lyben \u2013 Kir\u00e1ndul\u00e1s Erd\u00e9ly term\u00e9szeti \u00e9s kultur\u00e1lis kincsei k\u00f6z\u00f6tt c\u00edmet kapta. A p\u00e1ly\u00e1zaton elnyert \u00f6sszeg: 3.592.000 Ft<\/p>\n\n\n\n<p class=\"wp-block-paragraph\">Utaz\u00e1sunk 1. napja<\/p>\n\n\n\n<p class=\"wp-block-paragraph\">2022. j\u00fanius 27-\u00e9n hajnali indul\u00e1ssal t\u00f6bb \u00f3ra busz\u00fat ut\u00e1n, hat\u00e1r\u00e1tl\u00e9p\u00e9st k\u00f6vet\u0151en Kolozsv\u00e1ron \u00e1lltunk meg. Itt megtekintett\u00fck a Szent Mih\u00e1ly pl\u00e9b\u00e1niatemplomot ahol sok erd\u00e9lyi orsz\u00e1ggy\u0171l\u00e9st tartottak \u00e9s t\u00f6bb fejedelmet is v\u00e1lasztottak. Elmondtunk egy im\u00e1ds\u00e1got, tov\u00e1bb\u00e1 \u00e9nekelt\u00fcnk egy sz\u00e9p \u00e9neket. itt. A templom el\u0151tt \u00e1ll\u00f3 M\u00e1ty\u00e1s kir\u00e1ly monument\u00e1lis lovasszobr\u00e1nak megtekint\u00e9se ut\u00e1n meghallgattuk a di\u00e1kok kisel\u0151ad\u00e1s\u00e1t Kolozsv\u00e1rr\u00f3l, tov\u00e1bb\u00e1 Benedek Elek: Erd\u00e9lyi n\u00e9pmond\u00e1k k\u00f6z\u00fcl a kolozsv\u00e1ri b\u00edr\u00f3 c\u00edm\u0171 mond\u00e1t. A tanul\u00f3k t\u00e9rk\u00e9pismeret\u00e9t felhaszn\u00e1lva kis t\u00e9rk\u00e9p seg\u00edts\u00e9g\u00e9vel megkerest\u00fck a F\u0151t\u00e9rr\u0151l ny\u00edl\u00f3 egyik kis utc\u00e1csk\u00e1ban M\u00e1ty\u00e1s kir\u00e1ly sz\u00fcl\u0151h\u00e1z\u00e1t. Feleleven\u00edtett\u00fck M\u00e1ty\u00e1s kir\u00e1lyr\u00f3l ismereteinket egy tot\u00f3 seg\u00edts\u00e9g\u00e9vel. A buszon megismerkedt\u00fcnk Szent L\u00e1szl\u00f3 p\u00e9nz\u00e9nek mond\u00e1j\u00e1val. Torock\u00f3n a sz\u00e1ll\u00e1s elfoglal\u00e1sa ut\u00e1n s\u00e9t\u00e1t tett\u00fcnk a telep\u00fcl\u00e9sen. Megtekintett\u00fck a h\u00f3feh\u00e9rre festett h\u00e1zakat. Megkerest\u00fck a t\u00f6rt\u00e9nelmi Magyarorsz\u00e1g legr\u00e9gebbi fah\u00e1z\u00e1t (1668). A telep\u00fcl\u00e9sr\u0151l sz\u00f3l\u00f3 sz\u00f3l\u00e1s-mond\u00e1son elgondolkodtattuk a tanul\u00f3kat, miszerint Torock\u00f3n k\u00e9tszer kel fel a nap. Tanul\u00f3inkat annyira foglalkoztatta ez az \u00e9rdekess\u00e9g, hogy hajnali \u00f3r\u00e1kban keltek, hogy mindk\u00e9t napfelkelt\u00e9t megtekinthess\u00e9k. A sz\u00e1ll\u00e1son megbesz\u00e9lt\u00fck az adott napon l\u00e1tottakat, t\u00f6rt\u00e9nteket.<\/p>\n\n\n\n<p class=\"wp-block-paragraph\">M\u00e1sodik nap<\/p>\n\n\n\n<p class=\"wp-block-paragraph\">Torock\u00f3t elhagyva buszb\u00f3l megtekintett\u00fck a Tordai-hasad\u00e9kot k\u00f6zben felolvastuk a Tordai-hasad\u00e9k mond\u00e1j\u00e1t. Meghallgattuk az egyik tanul\u00f3 kisel\u0151ad\u00e1s\u00e1t az erd\u00e9lyi s\u00f3b\u00e1ny\u00e1szatr\u00f3l. Ezek ut\u00e1n megtekintett\u00fck a Tordai s\u00f3b\u00e1ny\u00e1t. Kisel\u0151ad\u00e1s form\u00e1j\u00e1ban megismerkedt\u00fcnk a szov\u00e1tai Medve-t\u00f3 legend\u00e1j\u00e1val \u00e9s k\u00fcl\u00f6nleges jellemz\u0151ivel. S\u00e9t\u00e1t tett\u00fcnk a Medve-t\u00f3 s\u00e9t\u00e1nyon. A Medve-t\u00f3 k\u00fcl\u00f6nlegess\u00e9ge, hogy a magas s\u00f3tartalom miatt meg\u0151rzi a nap energi\u00e1it. Ez a vil\u00e1g legnagyobb heliotermikus tava. A t\u00f3 partj\u00e1n megbesz\u00e9lt\u00fck, hogy mit is jelent az, hogy valami heliotermikus. Az itteniek Erd\u00e9ly Holt-tenger\u00e9nek is nevezik a magas s\u00f3tartalom miatt. Bucsinon \u00e1tv\u00e1gva \u00e9rkezt\u00fcnk meg sz\u00e1ll\u00e1shely\u00fcnkre Borzontra. A sz\u00e1ll\u00e1son k\u00f6z\u00f6s vacsora ut\u00e1n, egy m\u00e1sik magyarorsz\u00e1gi Hat\u00e1rtalanul programon r\u00e9szt vev\u0151 di\u00e1kcsoporttal ismerkedt\u00fcnk meg a Paksi Bezer\u00e9dj \u00c1ltal\u00e1nos Iskola 7.-es oszt\u00e1ly\u00e1val. Megosztott\u00e1k addigi \u00e9lm\u00e9nyeiket a mi tanul\u00f3inkkal \u00e9s ford\u00edtva.<\/p>\n\n\n\n<p class=\"wp-block-paragraph\">Harmadik nap<\/p>\n\n\n\n<p class=\"wp-block-paragraph\">A d\u00e9lel\u0151tt folyam\u00e1n megismerkedt\u00fcnk a gyergy\u00f3alfalusiS\u00f6v\u00e9r Elek Szakk\u00f6z\u00e9piskola 7. oszt\u00e1lyosaival, akik bemutatt\u00e1k telep\u00fcl\u00e9s\u00fcket, iskol\u00e1jukat. A mi tanul\u00f3ink is k\u00e9sz\u00fcltek egy kis besz\u00e1mol\u00f3val telep\u00fcl\u00e9s\u00fcnkr\u0151l \u00e9s iskol\u00e1nkr\u00f3l. K\u00f6z\u00f6sen \u00e9nekelt\u00fcnk, vet\u00e9lkedt\u00fcnk. Sz\u00e9kelyf\u00f6ld\u00f6n haszn\u00e1latos szavakat kellett tanul\u00f3inknak kital\u00e1lni, ami t\u00f6bb\u00e9-kev\u00e9sb\u00e9 siker\u00fclt is. A k\u00f6z\u00f6s tal\u00e1lkoz\u00f3t egy futballm\u00e9rk\u0151z\u00e9s z\u00e1rta, amin a szanyi fiatalok 2-0 ar\u00e1nyban gy\u0151zni tudtak. &nbsp;A d\u00e9lut\u00e1n folyam\u00e1n l\u00e1togat\u00e1st tett\u00fcnk a Gyilkos-t\u00f3n\u00e1l \u00e9s a B\u00e9k\u00e1s-szorosn\u00e1l. A t\u00f3 partj\u00e1n meghallgattuk a di\u00e1kok aktu\u00e1lis kisel\u0151ad\u00e1sait, felolvastuk a Gyilkos-t\u00f3 reg\u00e9j\u00e9t. K\u00fcl\u00f6nb\u00f6z\u0151 matematikai feladatokkal gondolkodtattuk el a tanul\u00f3kat (Milyen hossz\u00fa lehet a B\u00e9k\u00e1s-szoros, vagy milyen magas lehet az Olt\u00e1rk\u0151?). Megeml\u00edtett\u00fck az itt jellemz\u0151 \u00e9s k\u00fcl\u00f6nleges \u00e9l\u0151vil\u00e1got is, hiszen van olyan n\u00f6v\u00e9ny pl. b\u00e9k\u00e1si cs\u0171df\u0171 \u00e9s a pozsoritai h\u00f6lgym\u00e1l a vil\u00e1gon csak itt tal\u00e1lhat\u00f3 meg. K\u00e9p seg\u00edts\u00e9g\u00e9vel megpr\u00f3b\u00e1ltunk keresni egy-egy p\u00e9ld\u00e1nyt bel\u0151l\u00fck.<\/p>\n\n\n\n<p class=\"wp-block-paragraph\">Negyedik nap<\/p>\n\n\n\n<p class=\"wp-block-paragraph\">Sz\u00e1ll\u00e1sunkat elhagyva Gyergy\u00f3csomafalv\u00e1n \u00e1lltunk meg, ahol egyik di\u00e1kunk nagymam\u00e1j\u00e1n\u00e1l tett\u00fcnk l\u00e1togat\u00e1st. Sz\u0171k\u00f6s, de ann\u00e1l tartalmasabb besz\u00e9lget\u00e9sben volt ott r\u00e9sz\u00fcnk. Megtapasztalhattuk a sz\u00e9kely vend\u00e9gszeretetet, hiszen k\u00fcrt\u0151skal\u00e1ccsal \u00e9s \u2026\u2026val k\u00edn\u00e1lt minket. A n\u00e9ni mes\u00e9lt a sz\u00e9kelyek \u00e9let\u00e9r\u0151l, neh\u00e9zs\u00e9geikr\u0151l. Hangj\u00e1b\u00f3l a rem\u00e9nyt hallottuk ki, hogy egyszer m\u00e9g lesz nagy Magyarorsz\u00e1g.<\/p>\n\n\n\n<p class=\"wp-block-paragraph\">\u00datunkat folytatva kereszt\u00e9ny b\u00facs\u00faj\u00e1r\u00f3hely\u00fcnkre l\u00e1togattunk Cs\u00edksomly\u00f3ra. A templom el\u0151tt meghallgattuk di\u00e1kjaink kisel\u0151ad\u00e1sait majd megtekinttett\u00fck a ferences kegytemplomot, im\u00e1t mondtunk (melyet m\u00e9g az el\u0151k\u00e9sz\u00edt\u0151 \u00f3r\u00e1k egyik\u00e9n \u00edrtunk) a M\u00e1ria kegyszobor el\u0151tt. A templomban k\u00f6z\u00f6sen el\u00e9nekelt\u00fck a r\u00e9gi sz\u00e9kely himnuszt (\u00d3 \u00e9n \u00e9des j\u00f3 Istenem), mely di\u00e1kjainknak k\u00f6telez\u0151 tananyag \u00e9nek-zene \u00f3r\u00e1n. A tervezett \u00fatvonalat kiss\u00e9 m\u00f3dos\u00edtva a sz\u00e9kelykereszt\u00fari Pet\u0151fi-k\u00f6rtefa helyett a Pet\u0151fi S\u00e1ndor eml\u00e9km\u0171vet koszor\u00faztuk meg, Feh\u00e9regyh\u00e1za \u00e9s H\u00e9jjasfalva hat\u00e1r\u00e1ban. Itt feleleven\u00edtett\u00fck Pet\u0151fi S\u00e1ndorr\u00f3l tanultakat, elszavaltunk p\u00e1r verset. Utunkat folytatva Segesv\u00e1rra ment\u00fcnk, ahol megtekintett\u00fck a v\u00e1ros t\u00f6rt\u00e9nelmi k\u00f6zpontj\u00e1t. A tanul\u00f3k kisel\u0151ad\u00e1sait itt is meghallgattuk. Segesv\u00e1ron rengeteg torony volt, amib\u0151l ma is kilenc l\u00e1that\u00f3. K\u00fcl\u00f6n tornya volt a csizmadi\u00e1knak, kov\u00e1csoknak, m\u00e9sz\u00e1rosoknak \u00e9s egy\u00e9b mesterembereknek. A n\u00e9pi mesters\u00e9geket feleleven\u00edtve egy p\u00e1r keres\u0151 j\u00e1t\u00e9kot j\u00e1tszottunk. A Di\u00e1k-l\u00e9pcs\u0151, melyen a sz\u00e1sz di\u00e1kok k\u00f6zlekedtek hajdan\u00e1n m\u00e9g ma is megtekinthet\u0151. Egy tippj\u00e1t\u00e9kot j\u00e1tszunk a gyerekekkel, miszerint meg kellett tippelni a l\u00e9pcs\u0151fokok sz\u00e1m\u00e1t. Megkoszor\u00faztuk egyh\u00e1zmegy\u00e9nk v\u00e9d\u0151szentj\u00e9nek Boldog Apor Vilmos p\u00fcsp\u00f6k sz\u00fcl\u0151h\u00e1z\u00e1t, megeml\u00e9kezve r\u00f3la.<\/p>\n\n\n\n<p class=\"wp-block-paragraph\">\u00d6t\u00f6dik nap \u2013 a hazautaz\u00e1s napja<\/p>\n\n\n\n<p class=\"wp-block-paragraph\">A D\u00e9vai v\u00e1r fel\u00faj\u00edt\u00e1sa miatt sajnos a v\u00e1rat nem tudtuk megtekinteni. Helyette Vajdahunyad v\u00e1r\u00e1n\u00e1l tett\u00fcnk l\u00e1togat\u00e1st. D\u00e9v\u00e1n l\u00e1togat\u00e1st tett\u00fcnk B\u00f6jte Csaba atya \u00e1ltal l\u00e9trehozott Magyarok Nagyasszonya Koll\u00e9gium \u00e1rvah\u00e1z\u00e1ban. Di\u00e1kjaink szeretetcsomagokat adtak \u00e1t az ottani gyerekeknek. Egy ott \u00e9l\u0151 kisl\u00e1ny idegenvezet\u00e9st tartott nek\u00fcnk, tov\u00e1bb\u00e1 di\u00e1kjaink k\u00fcl\u00f6nb\u00f6z\u0151 aj\u00e1nd\u00e9kt\u00e1rgyakat v\u00e1s\u00e1roltak az ott \u00e9l\u0151 gyerekek munk\u00e1ib\u00f3l, ezzel is t\u00e1mogatva a Gyermekotthont. Hazafele \u00fatunk k\u00f6zben utols\u00f3 \u00e1llom\u00e1sk\u00e9nt megkoszor\u00faztuk \u00e9s megeml\u00e9kezt\u00fcnk Aradon a 13 aradi v\u00e9rtanunkr\u00f3l. A helysz\u00ednen el\u00e9nekelt\u00fck a \u201eJaj de b\u00fasan s\u00fct az \u0151szi napsug\u00e1ra\u201d kezdet\u0171 n\u00e9pdalt, felsoroltuk az aradi v\u00e9rtan\u00fak neveit, tov\u00e1bb\u00e1 egy im\u00e1ds\u00e1got mondtunk a lelki \u00fcdv\u00fck\u00e9rt.<\/p>\n\n\n\n<p class=\"wp-block-paragraph\">Nagyon tartalmas 5 napot t\u00f6lthett\u00fcnk Erd\u00e9lyben. K\u00f6sz\u00f6nj\u00fck Magyarorsz\u00e1g korm\u00e1ny\u00e1nak \u00e9s a Bethlen G\u00e1bor Alapkezel\u0151 Zrt-nek a p\u00e1ly\u00e1zati lehet\u0151s\u00e9get, a Gy\u0151ri Egyh\u00e1zmegye seg\u00edts\u00e9g\u00e9t, az iskola t\u00e1mogat\u00e1s\u00e1t, a sof\u0151r\u00f6k t\u00fcrelm\u00e9t \u00e9s hozz\u00e1\u00e9rt\u00e9s\u00e9t, a k\u00eds\u00e9r\u0151 tan\u00e1rok (Nagy Imr\u00e9n\u00e9, T\u00f3thn\u00e9 Moln\u00e1r Bernadett igazgat\u00f3n\u0151, G\u00f6dri D\u00e1niel) szervez\u0151, tervez\u0151 \u00e9s lebonyol\u00edt\u00f3 munk\u00e1j\u00e1t ezen a t\u00f6bb mint 2000 km-es kir\u00e1ndul\u00e1son.&nbsp;<\/p>\n\n\n\nngg_shortcode_1_placeholder\n\n\n\n<p class=\"wp-block-paragraph\"><\/p>\n","protected":false},"excerpt":{"rendered":"<div class=\"mh-excerpt\"><p>2026. Hat\u00e1rtalan \u00e9lm\u00e9nyek Erd\u00e9lyben\u2013 Hat\u00e1rtalanul 2026 Di\u00e1kjainkkal egy\u00fctt az utaz\u00e1sra hangol\u00f3dva, el\u0151k\u00e9sz\u00edt\u0151 \u00f3r\u00e1n vett\u00fcnk r\u00e9szt, amelyen megismerkedt\u00fcnk utunk k\u00f6zben \u00e9rintett telep\u00fcl\u00e9sekkel, szem\u00e9lyekkel. Mindezt a Hat\u00e1rtalanul! <a class=\"mh-excerpt-more\" href=\"https:\/\/szentannaszany.hu\/index.php\/hatartalanul\/\" title=\"Hat\u00e1rtalanul\">[&#8230;]<\/a><\/p>\n<\/div>","protected":false},"author":1,"featured_media":70,"parent":0,"menu_order":0,"comment_status":"closed","ping_status":"closed","template":"","meta":{"ngg_post_thumbnail":0,"cybocfi_hide_featured_image":"","footnotes":""},"class_list":["post-15","page","type-page","status-publish","has-post-thumbnail","hentry"],"_links":{"self":[{"href":"https:\/\/szentannaszany.hu\/index.php\/wp-json\/wp\/v2\/pages\/15","targetHints":{"allow":["GET"]}}],"collection":[{"href":"https:\/\/szentannaszany.hu\/index.php\/wp-json\/wp\/v2\/pages"}],"about":[{"href":"https:\/\/szentannaszany.hu\/index.php\/wp-json\/wp\/v2\/types\/page"}],"author":[{"embeddable":true,"href":"https:\/\/szentannaszany.hu\/index.php\/wp-json\/wp\/v2\/users\/1"}],"replies":[{"embeddable":true,"href":"https:\/\/szentannaszany.hu\/index.php\/wp-json\/wp\/v2\/comments?post=15"}],"version-history":[{"count":23,"href":"https:\/\/szentannaszany.hu\/index.php\/wp-json\/wp\/v2\/pages\/15\/revisions"}],"predecessor-version":[{"id":633,"href":"https:\/\/szentannaszany.hu\/index.php\/wp-json\/wp\/v2\/pages\/15\/revisions\/633"}],"wp:featuredmedia":[{"embeddable":true,"href":"https:\/\/szentannaszany.hu\/index.php\/wp-json\/wp\/v2\/media\/70"}],"wp:attachment":[{"href":"https:\/\/szentannaszany.hu\/index.php\/wp-json\/wp\/v2\/media?parent=15"}],"curies":[{"name":"wp","href":"https:\/\/api.w.org\/{rel}","templated":true}]}}